{"id":12,"date":"2025-08-22T15:05:24","date_gmt":"2025-08-22T13:05:24","guid":{"rendered":"http:\/\/konferencja.siplex5.hekko24.pl\/?page_id=12"},"modified":"2025-11-03T17:11:48","modified_gmt":"2025-11-03T16:11:48","slug":"home","status":"publish","type":"page","link":"https:\/\/kongres.adexemplum.com\/","title":{"rendered":"Home"},"content":{"rendered":"\t\t<div data-elementor-type=\"wp-page\" data-elementor-id=\"12\" class=\"elementor elementor-12\" data-elementor-post-type=\"page\">\n\t\t\t\t<div class=\"elementor-element elementor-element-97db924 e-flex e-con-boxed e-con e-parent\" data-id=\"97db924\" data-element_type=\"container\" data-settings=\"{&quot;background_background&quot;:&quot;classic&quot;}\">\n\t\t\t\t\t<div class=\"e-con-inner\">\n\t\t<div class=\"elementor-element elementor-element-9894ab3 e-con-full e-flex e-con e-child\" data-id=\"9894ab3\" data-element_type=\"container\">\n\t\t<div class=\"elementor-element elementor-element-a7f770b e-con-full e-flex elementor-invisible e-con e-child\" data-id=\"a7f770b\" data-element_type=\"container\" data-settings=\"{&quot;animation&quot;:&quot;fadeInUp&quot;}\">\n\t\t\t\t<div class=\"elementor-element elementor-element-ecdf61c elementor-widget elementor-widget-image\" data-id=\"ecdf61c\" data-element_type=\"widget\" data-widget_type=\"image.default\">\n\t\t\t\t\t\t\t\t\t\t\t\t\t\t\t<img fetchpriority=\"high\" decoding=\"async\" width=\"1024\" height=\"1024\" src=\"https:\/\/kongres.adexemplum.com\/wp-content\/uploads\/2025\/08\/logo-przezroczyste-1024x1024.png\" class=\"attachment-large size-large wp-image-14\" alt=\"\" srcset=\"https:\/\/kongres.adexemplum.com\/wp-content\/uploads\/2025\/08\/logo-przezroczyste-1024x1024.png 1024w, https:\/\/kongres.adexemplum.com\/wp-content\/uploads\/2025\/08\/logo-przezroczyste-300x300.png 300w, https:\/\/kongres.adexemplum.com\/wp-content\/uploads\/2025\/08\/logo-przezroczyste-150x150.png 150w, https:\/\/kongres.adexemplum.com\/wp-content\/uploads\/2025\/08\/logo-przezroczyste-768x768.png 768w, https:\/\/kongres.adexemplum.com\/wp-content\/uploads\/2025\/08\/logo-przezroczyste.png 1200w\" sizes=\"(max-width: 1024px) 100vw, 1024px\" \/>\t\t\t\t\t\t\t\t\t\t\t\t\t\t\t<\/div>\n\t\t\t\t<div class=\"elementor-element elementor-element-347169b elementor-widget elementor-widget-heading\" data-id=\"347169b\" data-element_type=\"widget\" data-widget_type=\"heading.default\">\n\t\t\t\t\t<h3 class=\"elementor-heading-title elementor-size-default\">Szko\u0142a Prawa Procesowego<br \/><span style=\"color:#DF1E26\">Ad<\/span> Exemplum<\/h3>\t\t\t\t<\/div>\n\t\t\t\t<\/div>\n\t\t<div class=\"elementor-element elementor-element-83d478f e-con-full e-flex elementor-invisible e-con e-child\" data-id=\"83d478f\" data-element_type=\"container\" data-settings=\"{&quot;animation&quot;:&quot;fadeInUp&quot;}\">\n\t\t\t\t<div class=\"elementor-element elementor-element-5fd1651 elementor-widget elementor-widget-heading\" data-id=\"5fd1651\" data-element_type=\"widget\" data-widget_type=\"heading.default\">\n\t\t\t\t\t<h2 class=\"elementor-heading-title elementor-size-default\">I Og\u00f3lnopolski Kongres Prawa Procesowego<\/h2>\t\t\t\t<\/div>\n\t\t\t\t<div class=\"elementor-element elementor-element-efc7439 elementor-widget elementor-widget-heading\" data-id=\"efc7439\" data-element_type=\"widget\" data-widget_type=\"heading.default\">\n\t\t\t\t\t<h2 class=\"elementor-heading-title elementor-size-default\">20-26.10.2025<\/h2>\t\t\t\t<\/div>\n\t\t\t\t<\/div>\n\t\t<div class=\"elementor-element elementor-element-15b27d7 e-con-full e-flex elementor-invisible e-con e-child\" data-id=\"15b27d7\" data-element_type=\"container\" data-settings=\"{&quot;animation&quot;:&quot;fadeInUp&quot;}\">\n\t\t\t\t<div class=\"elementor-element elementor-element-57ffba4 elementor-widget elementor-widget-image\" data-id=\"57ffba4\" data-element_type=\"widget\" data-widget_type=\"image.default\">\n\t\t\t\t\t\t\t\t\t\t\t\t\t\t\t<img decoding=\"async\" width=\"1024\" height=\"1024\" src=\"https:\/\/kongres.adexemplum.com\/wp-content\/uploads\/2025\/09\/logo-dzp-duze3-1024x1024.png\" class=\"attachment-large size-large wp-image-137\" alt=\"\" srcset=\"https:\/\/kongres.adexemplum.com\/wp-content\/uploads\/2025\/09\/logo-dzp-duze3-1024x1024.png 1024w, https:\/\/kongres.adexemplum.com\/wp-content\/uploads\/2025\/09\/logo-dzp-duze3-300x300.png 300w, https:\/\/kongres.adexemplum.com\/wp-content\/uploads\/2025\/09\/logo-dzp-duze3-150x150.png 150w, https:\/\/kongres.adexemplum.com\/wp-content\/uploads\/2025\/09\/logo-dzp-duze3-768x768.png 768w, https:\/\/kongres.adexemplum.com\/wp-content\/uploads\/2025\/09\/logo-dzp-duze3.png 1200w\" sizes=\"(max-width: 1024px) 100vw, 1024px\" \/>\t\t\t\t\t\t\t\t\t\t\t\t\t\t\t<\/div>\n\t\t\t\t<div class=\"elementor-element elementor-element-7a4cf65 elementor-widget elementor-widget-heading\" data-id=\"7a4cf65\" data-element_type=\"widget\" data-widget_type=\"heading.default\">\n\t\t\t\t\t<h3 class=\"elementor-heading-title elementor-size-default\">Kancelaria<br \/>Doma\u0144ski Zakrzewski Palinka<\/h3>\t\t\t\t<\/div>\n\t\t\t\t<\/div>\n\t\t\t\t<\/div>\n\t\t<div class=\"elementor-element elementor-element-e6c53b2 e-grid e-con-full e-con e-child\" data-id=\"e6c53b2\" data-element_type=\"container\">\n\t\t\t\t<div class=\"elementor-element elementor-element-c24949b elementor-align--mobilecenter elementor-align--tabletleft elementor-widget__width-inherit elementor-align-center elementor-widget elementor-widget-elementskit-button\" data-id=\"c24949b\" data-element_type=\"widget\" data-widget_type=\"elementskit-button.default\">\n\t\t\t\t\t<div class=\"ekit-wid-con\" >\t\t<div class=\"ekit-btn-wraper\">\n\t\t\t\t\t\t\t<a href=\"#prelegentki-prelegenci\" class=\"elementskit-btn  whitespace--normal\" id=\"\">\n\t\t\t\t\tPanelistki i Paneli\u015bci\t\t\t\t<\/a>\n\t\t\t\t\t<\/div>\n        <\/div>\t\t\t\t<\/div>\n\t\t\t\t<div class=\"elementor-element elementor-element-c333f8b elementor-align--mobilecenter elementor-align--tabletleft elementor-widget__width-inherit elementor-align-center elementor-widget elementor-widget-elementskit-button\" data-id=\"c333f8b\" data-element_type=\"widget\" data-widget_type=\"elementskit-button.default\">\n\t\t\t\t\t<div class=\"ekit-wid-con\" >\t\t<div class=\"ekit-btn-wraper\">\n\t\t\t\t\t\t\t<a href=\"#kontakt\" class=\"elementskit-btn  whitespace--normal\" id=\"\">\n\t\t\t\t\tZg\u0142o\u015b temat\t\t\t\t<\/a>\n\t\t\t\t\t<\/div>\n        <\/div>\t\t\t\t<\/div>\n\t\t\t\t<\/div>\n\t\t<div class=\"elementor-element elementor-element-8d9e608 e-grid e-con-full e-con e-child\" data-id=\"8d9e608\" data-element_type=\"container\">\n\t\t\t\t<div class=\"elementor-element elementor-element-24d265f elementor-widget elementor-widget-heading\" data-id=\"24d265f\" data-element_type=\"widget\" data-widget_type=\"heading.default\">\n\t\t\t\t\t<h2 class=\"elementor-heading-title elementor-size-default\">Patron medialny<\/h2>\t\t\t\t<\/div>\n\t\t\t\t<div class=\"elementor-element elementor-element-2488c50 elementor-widget elementor-widget-image\" data-id=\"2488c50\" data-element_type=\"widget\" data-widget_type=\"image.default\">\n\t\t\t\t\t\t\t\t\t\t\t\t\t\t\t<img decoding=\"async\" width=\"900\" height=\"245\" src=\"https:\/\/kongres.adexemplum.com\/wp-content\/uploads\/2025\/10\/logo-wprost.png\" class=\"attachment-large size-large wp-image-539\" alt=\"\" srcset=\"https:\/\/kongres.adexemplum.com\/wp-content\/uploads\/2025\/10\/logo-wprost.png 900w, https:\/\/kongres.adexemplum.com\/wp-content\/uploads\/2025\/10\/logo-wprost-300x82.png 300w, https:\/\/kongres.adexemplum.com\/wp-content\/uploads\/2025\/10\/logo-wprost-768x209.png 768w\" sizes=\"(max-width: 900px) 100vw, 900px\" \/>\t\t\t\t\t\t\t\t\t\t\t\t\t\t\t<\/div>\n\t\t\t\t<\/div>\n\t\t\t\t\t<\/div>\n\t\t\t\t<\/div>\n\t\t<div class=\"elementor-element elementor-element-e12a1e8 e-flex e-con-boxed elementor-invisible e-con e-parent\" data-id=\"e12a1e8\" data-element_type=\"container\" id=\"opis\" data-settings=\"{&quot;animation&quot;:&quot;slideInUp&quot;}\">\n\t\t\t\t\t<div class=\"e-con-inner\">\n\t\t\t\t<div class=\"elementor-element elementor-element-de2b82a elementor-widget elementor-widget-image\" data-id=\"de2b82a\" data-element_type=\"widget\" data-widget_type=\"image.default\">\n\t\t\t\t\t\t\t\t\t\t\t\t\t\t\t<img loading=\"lazy\" decoding=\"async\" width=\"1024\" height=\"536\" src=\"https:\/\/kongres.adexemplum.com\/wp-content\/uploads\/2025\/10\/podziekowania2-1024x536.jpg\" class=\"attachment-large size-large wp-image-931\" alt=\"\" srcset=\"https:\/\/kongres.adexemplum.com\/wp-content\/uploads\/2025\/10\/podziekowania2-1024x536.jpg 1024w, https:\/\/kongres.adexemplum.com\/wp-content\/uploads\/2025\/10\/podziekowania2-300x157.jpg 300w, https:\/\/kongres.adexemplum.com\/wp-content\/uploads\/2025\/10\/podziekowania2-768x402.jpg 768w, https:\/\/kongres.adexemplum.com\/wp-content\/uploads\/2025\/10\/podziekowania2.jpg 1200w\" sizes=\"(max-width: 1024px) 100vw, 1024px\" \/>\t\t\t\t\t\t\t\t\t\t\t\t\t\t\t<\/div>\n\t\t\t\t\t<\/div>\n\t\t\t\t<\/div>\n\t\t<div class=\"elementor-element elementor-element-04681ee e-flex e-con-boxed elementor-invisible e-con e-parent\" data-id=\"04681ee\" data-element_type=\"container\" data-settings=\"{&quot;animation&quot;:&quot;slideInUp&quot;}\">\n\t\t\t\t\t<div class=\"e-con-inner\">\n\t\t\t\t<div class=\"elementor-element elementor-element-a336320 elementor-widget elementor-widget-heading\" data-id=\"a336320\" data-element_type=\"widget\" data-widget_type=\"heading.default\">\n\t\t\t\t\t<h2 class=\"elementor-heading-title elementor-size-default\">Opis kongresu<\/h2>\t\t\t\t<\/div>\n\t\t\t\t<div class=\"elementor-element elementor-element-a79dfc0 elementor-widget elementor-widget-text-editor\" data-id=\"a79dfc0\" data-element_type=\"widget\" data-widget_type=\"text-editor.default\">\n\t\t\t\t\t\t\t\t\t<p>Szko\u0142a Prawa Procesowego Ad Exemplum wraz z kancelari\u0105 Doma\u0144ski Zakrzewski Palinka zapraszaj\u0105 na<br \/>I Og\u00f3lnopolski Kongres Prawa Procesowego, kt\u00f3ry odb\u0119dzie si\u0119 20-26.X.2025<\/p><p>B\u0119dzie nam bardzo mi\u0142o go\u015bci\u0107 Pa\u0144stwa w toku naszych debat i dyskusji o prawie, jego wyk\u0142adni i zastosowaniu.<\/p><p style=\"text-align: right;\">Z wyrazami szacunku<br \/>adw. Agata Rewerska<br \/>adw. J\u00f3zef Palinka<\/p>\t\t\t\t\t\t\t\t<\/div>\n\t\t\t\t\t<\/div>\n\t\t\t\t<\/div>\n\t\t<div class=\"elementor-element elementor-element-6825c30 e-flex e-con-boxed elementor-invisible e-con e-parent\" data-id=\"6825c30\" data-element_type=\"container\" id=\"organizatorzy\" data-settings=\"{&quot;background_background&quot;:&quot;classic&quot;,&quot;animation&quot;:&quot;slideInUp&quot;}\">\n\t\t\t\t\t<div class=\"e-con-inner\">\n\t\t<div class=\"elementor-element elementor-element-71126ec e-grid e-con-full e-con e-child\" data-id=\"71126ec\" data-element_type=\"container\">\n\t\t\t\t<div class=\"elementor-element elementor-element-f213f9d elementor-widget elementor-widget-image\" data-id=\"f213f9d\" data-element_type=\"widget\" data-widget_type=\"image.default\">\n\t\t\t\t\t\t\t\t\t\t\t\t\t\t\t<img loading=\"lazy\" decoding=\"async\" width=\"500\" height=\"300\" src=\"https:\/\/kongres.adexemplum.com\/wp-content\/uploads\/2025\/09\/logo-adexemplum.webp\" class=\"attachment-large size-large wp-image-97\" alt=\"\" srcset=\"https:\/\/kongres.adexemplum.com\/wp-content\/uploads\/2025\/09\/logo-adexemplum.webp 500w, https:\/\/kongres.adexemplum.com\/wp-content\/uploads\/2025\/09\/logo-adexemplum-300x180.webp 300w\" sizes=\"(max-width: 500px) 100vw, 500px\" \/>\t\t\t\t\t\t\t\t\t\t\t\t\t\t\t<\/div>\n\t\t\t\t<div class=\"elementor-element elementor-element-0c46f37 elementor-widget elementor-widget-image\" data-id=\"0c46f37\" data-element_type=\"widget\" data-widget_type=\"image.default\">\n\t\t\t\t\t\t\t\t\t\t\t\t\t\t\t<img loading=\"lazy\" decoding=\"async\" width=\"500\" height=\"300\" src=\"https:\/\/kongres.adexemplum.com\/wp-content\/uploads\/2025\/09\/dzp-logo2.webp\" class=\"attachment-large size-large wp-image-72\" alt=\"\" srcset=\"https:\/\/kongres.adexemplum.com\/wp-content\/uploads\/2025\/09\/dzp-logo2.webp 500w, https:\/\/kongres.adexemplum.com\/wp-content\/uploads\/2025\/09\/dzp-logo2-300x180.webp 300w\" sizes=\"(max-width: 500px) 100vw, 500px\" \/>\t\t\t\t\t\t\t\t\t\t\t\t\t\t\t<\/div>\n\t\t\t\t<\/div>\n\t\t\t\t\t<\/div>\n\t\t\t\t<\/div>\n\t\t<div class=\"elementor-element elementor-element-e475a4e e-flex e-con-boxed elementor-invisible e-con e-parent\" data-id=\"e475a4e\" data-element_type=\"container\" data-settings=\"{&quot;animation&quot;:&quot;slideInUp&quot;,&quot;background_background&quot;:&quot;classic&quot;}\">\n\t\t\t\t\t<div class=\"e-con-inner\">\n\t\t\t\t<div class=\"elementor-element elementor-element-4767451 elementor-widget elementor-widget-heading\" data-id=\"4767451\" data-element_type=\"widget\" data-widget_type=\"heading.default\">\n\t\t\t\t\t<h2 class=\"elementor-heading-title elementor-size-default\">Forma i lokalizacja<\/h2>\t\t\t\t<\/div>\n\t\t\t\t<div class=\"elementor-element elementor-element-531ca81 elementor-widget elementor-widget-heading\" data-id=\"531ca81\" data-element_type=\"widget\" data-widget_type=\"heading.default\">\n\t\t\t\t\t<h4 class=\"elementor-heading-title elementor-size-default\">Forma:<\/h4>\t\t\t\t<\/div>\n\t\t\t\t<div class=\"elementor-element elementor-element-d1dc04b elementor-align-left elementor-icon-list--layout-traditional elementor-list-item-link-full_width elementor-widget elementor-widget-icon-list\" data-id=\"d1dc04b\" data-element_type=\"widget\" data-widget_type=\"icon-list.default\">\n\t\t\t\t\t\t\t<ul class=\"elementor-icon-list-items\">\n\t\t\t\t\t\t\t<li class=\"elementor-icon-list-item\">\n\t\t\t\t\t\t\t\t\t\t\t<span class=\"elementor-icon-list-icon\">\n\t\t\t\t\t\t\t<svg aria-hidden=\"true\" class=\"e-font-icon-svg e-far-dot-circle\" viewBox=\"0 0 512 512\" xmlns=\"http:\/\/www.w3.org\/2000\/svg\"><path d=\"M256 56c110.532 0 200 89.451 200 200 0 110.532-89.451 200-200 200-110.532 0-200-89.451-200-200 0-110.532 89.451-200 200-200m0-48C119.033 8 8 119.033 8 256s111.033 248 248 248 248-111.033 248-248S392.967 8 256 8zm0 168c-44.183 0-80 35.817-80 80s35.817 80 80 80 80-35.817 80-80-35.817-80-80-80z\"><\/path><\/svg>\t\t\t\t\t\t<\/span>\n\t\t\t\t\t\t\t\t\t\t<span class=\"elementor-icon-list-text\">od 20.X do 24.X \u2013 wszystkie wyk\u0142ady i panele prowadzone s\u0105 online<\/span>\n\t\t\t\t\t\t\t\t\t<\/li>\n\t\t\t\t\t\t\t\t<li class=\"elementor-icon-list-item\">\n\t\t\t\t\t\t\t\t\t\t\t<span class=\"elementor-icon-list-icon\">\n\t\t\t\t\t\t\t<svg aria-hidden=\"true\" class=\"e-font-icon-svg e-far-dot-circle\" viewBox=\"0 0 512 512\" xmlns=\"http:\/\/www.w3.org\/2000\/svg\"><path d=\"M256 56c110.532 0 200 89.451 200 200 0 110.532-89.451 200-200 200-110.532 0-200-89.451-200-200 0-110.532 89.451-200 200-200m0-48C119.033 8 8 119.033 8 256s111.033 248 248 248 248-111.033 248-248S392.967 8 256 8zm0 168c-44.183 0-80 35.817-80 80s35.817 80 80 80 80-35.817 80-80-35.817-80-80-80z\"><\/path><\/svg>\t\t\t\t\t\t<\/span>\n\t\t\t\t\t\t\t\t\t\t<span class=\"elementor-icon-list-text\">od 24.X do 26.X \u2013 hybrydowo<\/span>\n\t\t\t\t\t\t\t\t\t<\/li>\n\t\t\t\t\t\t<\/ul>\n\t\t\t\t\t\t<\/div>\n\t\t\t\t<div class=\"elementor-element elementor-element-9216bf9 elementor-widget elementor-widget-heading\" data-id=\"9216bf9\" data-element_type=\"widget\" data-widget_type=\"heading.default\">\n\t\t\t\t\t<h4 class=\"elementor-heading-title elementor-size-default\">Lokalizacja paneli:<\/h4>\t\t\t\t<\/div>\n\t\t\t\t<div class=\"elementor-element elementor-element-1c27d95 elementor-icon-list--layout-traditional elementor-list-item-link-full_width elementor-widget elementor-widget-icon-list\" data-id=\"1c27d95\" data-element_type=\"widget\" data-widget_type=\"icon-list.default\">\n\t\t\t\t\t\t\t<ul class=\"elementor-icon-list-items\">\n\t\t\t\t\t\t\t<li class=\"elementor-icon-list-item\">\n\t\t\t\t\t\t\t\t\t\t\t<span class=\"elementor-icon-list-icon\">\n\t\t\t\t\t\t\t<svg aria-hidden=\"true\" class=\"e-font-icon-svg e-far-dot-circle\" viewBox=\"0 0 512 512\" xmlns=\"http:\/\/www.w3.org\/2000\/svg\"><path d=\"M256 56c110.532 0 200 89.451 200 200 0 110.532-89.451 200-200 200-110.532 0-200-89.451-200-200 0-110.532 89.451-200 200-200m0-48C119.033 8 8 119.033 8 256s111.033 248 248 248 248-111.033 248-248S392.967 8 256 8zm0 168c-44.183 0-80 35.817-80 80s35.817 80 80 80 80-35.817 80-80-35.817-80-80-80z\"><\/path><\/svg>\t\t\t\t\t\t<\/span>\n\t\t\t\t\t\t\t\t\t\t<span class=\"elementor-icon-list-text\">Ad Exemplum, ul. Grzybowska 37, p. XV<\/span>\n\t\t\t\t\t\t\t\t\t<\/li>\n\t\t\t\t\t\t\t\t<li class=\"elementor-icon-list-item\">\n\t\t\t\t\t\t\t\t\t\t\t<span class=\"elementor-icon-list-icon\">\n\t\t\t\t\t\t\t<svg aria-hidden=\"true\" class=\"e-font-icon-svg e-far-dot-circle\" viewBox=\"0 0 512 512\" xmlns=\"http:\/\/www.w3.org\/2000\/svg\"><path d=\"M256 56c110.532 0 200 89.451 200 200 0 110.532-89.451 200-200 200-110.532 0-200-89.451-200-200 0-110.532 89.451-200 200-200m0-48C119.033 8 8 119.033 8 256s111.033 248 248 248 248-111.033 248-248S392.967 8 256 8zm0 168c-44.183 0-80 35.817-80 80s35.817 80 80 80 80-35.817 80-80-35.817-80-80-80z\"><\/path><\/svg>\t\t\t\t\t\t<\/span>\n\t\t\t\t\t\t\t\t\t\t<span class=\"elementor-icon-list-text\">Kancelaria DZP, Rondo ONZ 1, p. XXII<\/span>\n\t\t\t\t\t\t\t\t\t<\/li>\n\t\t\t\t\t\t<\/ul>\n\t\t\t\t\t\t<\/div>\n\t\t\t\t\t<\/div>\n\t\t\t\t<\/div>\n\t\t<div class=\"elementor-element elementor-element-a6b75a7 e-flex e-con-boxed elementor-invisible e-con e-parent\" data-id=\"a6b75a7\" data-element_type=\"container\" id=\"cel\" data-settings=\"{&quot;animation&quot;:&quot;slideInUp&quot;,&quot;background_background&quot;:&quot;classic&quot;}\">\n\t\t\t\t\t<div class=\"e-con-inner\">\n\t\t\t\t<div class=\"elementor-element elementor-element-2ca3512 elementor-widget elementor-widget-heading\" data-id=\"2ca3512\" data-element_type=\"widget\" data-widget_type=\"heading.default\">\n\t\t\t\t\t<h2 class=\"elementor-heading-title elementor-size-default\">Cel kongresu<\/h2>\t\t\t\t<\/div>\n\t\t\t\t<div class=\"elementor-element elementor-element-8436153 elementor-widget elementor-widget-text-editor\" data-id=\"8436153\" data-element_type=\"widget\" data-widget_type=\"text-editor.default\">\n\t\t\t\t\t\t\t\t\t<p>Celem Kongresu jest publiczna debata zawodowych prawnik\u00f3w, procesualist\u00f3w, praktyk\u00f3w dotycz\u0105ca bie\u017c\u0105cych zagadnie\u0144 procesowych, projekt\u00f3w i plan\u00f3w legislacyjnych w obr\u0119bie ustaw procesowych, poprawno\u015bci stosowania przepis\u00f3w prawa procesowego przez s\u0105dy, analizy rozbie\u017cno\u015bci orzecznictwa S\u0105du Najwy\u017cszego oraz s\u0105d\u00f3w powszechnych, a tak\u017ce zasadno\u015bci wyk\u0142adni poszczeg\u00f3lnych norm procesowych dokonywanej przez przedstawicieli doktryny.<\/p><p>Prawo procesowe musi by\u0107 precyzyjne i jasne. Nie jest ono bowiem tworzone dla akademik\u00f3w, s\u0119dzi\u00f3w i pe\u0142nomocnik\u00f3w, ale dla obywatelek i obywateli. Jego czytelno\u015b\u0107 i jednoznaczno\u015b\u0107 jest przejawem gwarancji prawa do s\u0105du. Strona wnosz\u0105ca pozew musi wiedzie\u0107 jak go skonstruowa\u0107, jak udowodni\u0107 swoje racje i jak b\u0119dzie procedowa\u0142 s\u0105d. Niejasno\u015b\u0107 w tym zakresie, wybi\u00f3rczo\u015b\u0107 i swoboda wyk\u0142adnicza s\u0105d\u00f3w powoduje brak r\u00f3wnego traktowania obywateli i obywatelek w s\u0105dach, a to zaprzecza konstytucyjnej zasadzie r\u00f3wno\u015bci wobec prawa.<\/p><p>Z tego te\u017c powodu zdecydowali\u015bmy si\u0119 na stworzenie przestrzeni, w kt\u00f3rej zawodowe pe\u0142nomocniczki i pe\u0142nomocnicy b\u0119d\u0105 mieli szans\u0119 na wypowiedzenie si\u0119, podzielenie si\u0119 spostrze\u017ceniami i uwagami, na pokazanie punktu widzenia stron post\u0119powania i przedstawienie swoich refleksji dotycz\u0105cych niedoskona\u0142o\u015bci w tworzeniu i stosowaniu prawa. Chcemy, aby nasz g\u0142os wybrzmia\u0142. Chcemy, aby Tw\u00f3j g\u0142os wybrzmia\u0142\u2026 &#8211; dlatego zapraszamy na ten Kongres.<\/p><p>Debaty b\u0119d\u0105 dotyczy\u0142y zar\u00f3wno poszczeg\u00f3lnych zagadnie\u0144, instytucji procesowych jak i pojedynczych wyrok\u00f3w S\u0105du Najwy\u017cszego, kt\u00f3re zdaniem zawodowych pe\u0142nomocnik\u00f3w i pe\u0142nomocniczek wywo\u0142uj\u0105 w\u0105tpliwo\u015bci i tworz\u0105 niejasno\u015bci w zakresie racjonalnej wyk\u0142adni przepis\u00f3w prawa procesowego oraz powszechnego rozumienia poszczeg\u00f3lnych instytucji procesowych.<\/p><p>Celem Organizator\u00f3w jest tak\u017ce przygotowanie materia\u0142\u00f3w pokonferencyjnych obejmuj\u0105cych postulaty <em>de lege ferenda<\/em> i skierowanie ich do Komisji Kodyfikacyjnych.<\/p>\t\t\t\t\t\t\t\t<\/div>\n\t\t\t\t\t<\/div>\n\t\t\t\t<\/div>\n\t\t<div class=\"elementor-element elementor-element-fbf51be e-flex e-con-boxed elementor-invisible e-con e-parent\" data-id=\"fbf51be\" data-element_type=\"container\" id=\"adresaci\" data-settings=\"{&quot;background_background&quot;:&quot;classic&quot;,&quot;animation&quot;:&quot;slideInUp&quot;}\">\n\t\t\t\t\t<div class=\"e-con-inner\">\n\t\t\t\t<div class=\"elementor-element elementor-element-eba233a elementor-widget elementor-widget-heading\" data-id=\"eba233a\" data-element_type=\"widget\" data-widget_type=\"heading.default\">\n\t\t\t\t\t<h2 class=\"elementor-heading-title elementor-size-default\">Adresatki i Adresaci Kongresu<\/h2>\t\t\t\t<\/div>\n\t\t\t\t<div class=\"elementor-element elementor-element-e35a167 elementor-widget elementor-widget-text-editor\" data-id=\"e35a167\" data-element_type=\"widget\" data-widget_type=\"text-editor.default\">\n\t\t\t\t\t\t\t\t\t<p>Kongres skierowany jest do zawodowych pe\u0142nomocniczek i pe\u0142nomocnik\u00f3w procesowych \u2013 adwokat\u00f3w, radc\u00f3w prawnych, prokurator\u00f3w, komornik\u00f3w, s\u0119dzi\u00f3w i notariuszy \u2013 kt\u00f3rzy na co dzie\u0144 zajmuj\u0105 si\u0119 stosowaniem prawa procesowego i wyk\u0142adni\u0105 prawa. Do udzia\u0142u w Kongresie zapraszamy tak\u017ce aplikantki i aplikant\u00f3w aplikacji prawniczych oraz studentki i student\u00f3w zainteresowanych prawem procesowym.<\/p>\t\t\t\t\t\t\t\t<\/div>\n\t\t\t\t\t<\/div>\n\t\t\t\t<\/div>\n\t\t<div class=\"elementor-element elementor-element-eade540 e-flex e-con-boxed elementor-invisible e-con e-parent\" data-id=\"eade540\" data-element_type=\"container\" id=\"prelegentki-prelegenci\" data-settings=\"{&quot;animation&quot;:&quot;slideInUp&quot;}\">\n\t\t\t\t\t<div class=\"e-con-inner\">\n\t\t\t\t<div class=\"elementor-element elementor-element-80793fc elementor-widget-mobile__width-inherit elementor-widget elementor-widget-elementskit-heading\" data-id=\"80793fc\" data-element_type=\"widget\" data-widget_type=\"elementskit-heading.default\">\n\t\t\t\t\t<div class=\"ekit-wid-con\" ><div class=\"ekit-heading elementskit-section-title-wraper text_left   ekit_heading_tablet-   ekit_heading_mobile-\"><h2 class=\"ekit-heading--title elementskit-section-title \">Prelegentki i Prelegenci<\/h2><div class=\"ekit_heading_separetor_wraper ekit_heading_elementskit-border-divider ekit-dotted\"><div class=\"elementskit-border-divider ekit-dotted\"><\/div><\/div><\/div><\/div>\t\t\t\t<\/div>\n\t\t\t\t<div class=\"elementor-element elementor-element-9cd34d2 elementor-widget elementor-widget-text-editor\" data-id=\"9cd34d2\" data-element_type=\"widget\" data-widget_type=\"text-editor.default\">\n\t\t\t\t\t\t\t\t\t<p><span class=\"html-span xdj266r x14z9mp xat24cr x1lziwak xexx8yu xyri2b x18d9i69 x1c1uobl x1hl2dhg x16tdsg8 x1vvkbs x4k7w5x x1h91t0o x1h9r5lt x1jfb8zj xv2umb2 x1beo9mf xaigb6o x12ejxvf x3igimt xarpa2k xedcshv x1lytzrv x1t2pt76 x7ja8zs x1qrby5j\"><span class=\"x193iq5w xeuugli x13faqbe x1vvkbs x1xmvt09 x1lliihq x1s928wv xhkezso x1gmr53x x1cpjm7i x1fgarty x1943h6x xudqn12 x3x7a5m x6prxxf xvq8zen xo1l8bm xzsf02u\" dir=\"auto\">Panele b\u0119d\u0105 prowadzone przez zawodowych pe\u0142nomocnik\u00f3w i pe\u0142nomocniczki oraz osoby posiadaj\u0105ce do\u015bwiadczenie w prowadzeniu proces\u00f3w s\u0105dowych, mediacyjnych, negocjacyjnych i koncyliacyjnych. Lista paneli jest wci\u0105\u017c poszerzana wskutek nap\u0142ywaj\u0105cych do nas zg\u0142osze\u0144 i zapraszamy do zg\u0142aszania dalszych zagadnie\u0144, kt\u00f3re budz\u0105 w\u0105tpliwo\u015bci b\u0105d\u017a kontrowersyjne.<\/span><\/span><\/p>\t\t\t\t\t\t\t\t<\/div>\n\t\t<div class=\"elementor-element elementor-element-e12f796 e-grid e-con-full e-con e-child\" data-id=\"e12f796\" data-element_type=\"container\">\n\t\t\t\t<div class=\"elementor-element elementor-element-ef5f7e6 elementor-widget elementor-widget-image\" data-id=\"ef5f7e6\" data-element_type=\"widget\" data-widget_type=\"image.default\">\n\t\t\t\t\t\t\t\t\t\t\t\t\t\t\t<img loading=\"lazy\" decoding=\"async\" width=\"1024\" height=\"1024\" src=\"https:\/\/kongres.adexemplum.com\/wp-content\/uploads\/2025\/10\/agata-rewerska-prelegenci-1024x1024.jpeg\" class=\"attachment-large size-large wp-image-353\" alt=\"\" srcset=\"https:\/\/kongres.adexemplum.com\/wp-content\/uploads\/2025\/10\/agata-rewerska-prelegenci-1024x1024.jpeg 1024w, https:\/\/kongres.adexemplum.com\/wp-content\/uploads\/2025\/10\/agata-rewerska-prelegenci-300x300.jpeg 300w, https:\/\/kongres.adexemplum.com\/wp-content\/uploads\/2025\/10\/agata-rewerska-prelegenci-150x150.jpeg 150w, https:\/\/kongres.adexemplum.com\/wp-content\/uploads\/2025\/10\/agata-rewerska-prelegenci-768x768.jpeg 768w, https:\/\/kongres.adexemplum.com\/wp-content\/uploads\/2025\/10\/agata-rewerska-prelegenci.jpeg 1080w\" sizes=\"(max-width: 1024px) 100vw, 1024px\" \/>\t\t\t\t\t\t\t\t\t\t\t\t\t\t\t<\/div>\n\t\t\t\t<div class=\"elementor-element elementor-element-b53962f elementor-widget elementor-widget-image\" data-id=\"b53962f\" data-element_type=\"widget\" data-widget_type=\"image.default\">\n\t\t\t\t\t\t\t\t\t\t\t\t\t\t\t<img loading=\"lazy\" decoding=\"async\" width=\"1024\" height=\"1024\" src=\"https:\/\/kongres.adexemplum.com\/wp-content\/uploads\/2025\/10\/jozef-palinka3-1024x1024.jpeg\" class=\"attachment-large size-large wp-image-741\" alt=\"\" srcset=\"https:\/\/kongres.adexemplum.com\/wp-content\/uploads\/2025\/10\/jozef-palinka3-1024x1024.jpeg 1024w, https:\/\/kongres.adexemplum.com\/wp-content\/uploads\/2025\/10\/jozef-palinka3-300x300.jpeg 300w, https:\/\/kongres.adexemplum.com\/wp-content\/uploads\/2025\/10\/jozef-palinka3-150x150.jpeg 150w, https:\/\/kongres.adexemplum.com\/wp-content\/uploads\/2025\/10\/jozef-palinka3-768x768.jpeg 768w, https:\/\/kongres.adexemplum.com\/wp-content\/uploads\/2025\/10\/jozef-palinka3.jpeg 1080w\" sizes=\"(max-width: 1024px) 100vw, 1024px\" \/>\t\t\t\t\t\t\t\t\t\t\t\t\t\t\t<\/div>\n\t\t\t\t<div class=\"elementor-element elementor-element-41f9728 elementor-widget elementor-widget-image\" data-id=\"41f9728\" data-element_type=\"widget\" data-widget_type=\"image.default\">\n\t\t\t\t\t\t\t\t\t\t\t\t\t\t\t<img loading=\"lazy\" decoding=\"async\" width=\"1024\" height=\"1024\" src=\"https:\/\/kongres.adexemplum.com\/wp-content\/uploads\/2025\/10\/monika-horna-cieslak-prelegenci-1024x1024.jpeg\" class=\"attachment-large size-large wp-image-356\" alt=\"\" srcset=\"https:\/\/kongres.adexemplum.com\/wp-content\/uploads\/2025\/10\/monika-horna-cieslak-prelegenci-1024x1024.jpeg 1024w, https:\/\/kongres.adexemplum.com\/wp-content\/uploads\/2025\/10\/monika-horna-cieslak-prelegenci-300x300.jpeg 300w, https:\/\/kongres.adexemplum.com\/wp-content\/uploads\/2025\/10\/monika-horna-cieslak-prelegenci-150x150.jpeg 150w, https:\/\/kongres.adexemplum.com\/wp-content\/uploads\/2025\/10\/monika-horna-cieslak-prelegenci-768x768.jpeg 768w, https:\/\/kongres.adexemplum.com\/wp-content\/uploads\/2025\/10\/monika-horna-cieslak-prelegenci.jpeg 1080w\" sizes=\"(max-width: 1024px) 100vw, 1024px\" \/>\t\t\t\t\t\t\t\t\t\t\t\t\t\t\t<\/div>\n\t\t\t\t<div class=\"elementor-element elementor-element-1226201 elementor-widget elementor-widget-image\" data-id=\"1226201\" data-element_type=\"widget\" data-widget_type=\"image.default\">\n\t\t\t\t\t\t\t\t\t\t\t\t\t\t\t<img loading=\"lazy\" decoding=\"async\" width=\"1024\" height=\"1024\" src=\"https:\/\/kongres.adexemplum.com\/wp-content\/uploads\/2025\/10\/rafal-wagner-prelegenci-1024x1024.jpeg\" class=\"attachment-large size-large wp-image-360\" alt=\"\" srcset=\"https:\/\/kongres.adexemplum.com\/wp-content\/uploads\/2025\/10\/rafal-wagner-prelegenci-1024x1024.jpeg 1024w, https:\/\/kongres.adexemplum.com\/wp-content\/uploads\/2025\/10\/rafal-wagner-prelegenci-300x300.jpeg 300w, https:\/\/kongres.adexemplum.com\/wp-content\/uploads\/2025\/10\/rafal-wagner-prelegenci-150x150.jpeg 150w, https:\/\/kongres.adexemplum.com\/wp-content\/uploads\/2025\/10\/rafal-wagner-prelegenci-768x768.jpeg 768w, https:\/\/kongres.adexemplum.com\/wp-content\/uploads\/2025\/10\/rafal-wagner-prelegenci.jpeg 1080w\" sizes=\"(max-width: 1024px) 100vw, 1024px\" \/>\t\t\t\t\t\t\t\t\t\t\t\t\t\t\t<\/div>\n\t\t\t\t<div class=\"elementor-element elementor-element-3a1f21a elementor-widget elementor-widget-image\" data-id=\"3a1f21a\" data-element_type=\"widget\" data-widget_type=\"image.default\">\n\t\t\t\t\t\t\t\t\t\t\t\t\t\t\t<img loading=\"lazy\" decoding=\"async\" width=\"1024\" height=\"1024\" src=\"https:\/\/kongres.adexemplum.com\/wp-content\/uploads\/2025\/10\/aleksandra-auleytner-prelegenci-1024x1024.jpeg\" class=\"attachment-large size-large wp-image-361\" alt=\"\" srcset=\"https:\/\/kongres.adexemplum.com\/wp-content\/uploads\/2025\/10\/aleksandra-auleytner-prelegenci-1024x1024.jpeg 1024w, https:\/\/kongres.adexemplum.com\/wp-content\/uploads\/2025\/10\/aleksandra-auleytner-prelegenci-300x300.jpeg 300w, https:\/\/kongres.adexemplum.com\/wp-content\/uploads\/2025\/10\/aleksandra-auleytner-prelegenci-150x150.jpeg 150w, https:\/\/kongres.adexemplum.com\/wp-content\/uploads\/2025\/10\/aleksandra-auleytner-prelegenci-768x768.jpeg 768w, https:\/\/kongres.adexemplum.com\/wp-content\/uploads\/2025\/10\/aleksandra-auleytner-prelegenci.jpeg 1080w\" sizes=\"(max-width: 1024px) 100vw, 1024px\" \/>\t\t\t\t\t\t\t\t\t\t\t\t\t\t\t<\/div>\n\t\t\t\t<div class=\"elementor-element elementor-element-70c9fe0 elementor-widget elementor-widget-image\" data-id=\"70c9fe0\" data-element_type=\"widget\" data-widget_type=\"image.default\">\n\t\t\t\t\t\t\t\t\t\t\t\t\t\t\t<img loading=\"lazy\" decoding=\"async\" width=\"1024\" height=\"1024\" src=\"https:\/\/kongres.adexemplum.com\/wp-content\/uploads\/2025\/10\/marcin-dziurda3-prelegenci-1024x1024.jpeg\" class=\"attachment-large size-large wp-image-802\" alt=\"\" srcset=\"https:\/\/kongres.adexemplum.com\/wp-content\/uploads\/2025\/10\/marcin-dziurda3-prelegenci-1024x1024.jpeg 1024w, https:\/\/kongres.adexemplum.com\/wp-content\/uploads\/2025\/10\/marcin-dziurda3-prelegenci-300x300.jpeg 300w, https:\/\/kongres.adexemplum.com\/wp-content\/uploads\/2025\/10\/marcin-dziurda3-prelegenci-150x150.jpeg 150w, https:\/\/kongres.adexemplum.com\/wp-content\/uploads\/2025\/10\/marcin-dziurda3-prelegenci-768x768.jpeg 768w, https:\/\/kongres.adexemplum.com\/wp-content\/uploads\/2025\/10\/marcin-dziurda3-prelegenci.jpeg 1080w\" sizes=\"(max-width: 1024px) 100vw, 1024px\" \/>\t\t\t\t\t\t\t\t\t\t\t\t\t\t\t<\/div>\n\t\t\t\t<div class=\"elementor-element elementor-element-66820e8 elementor-widget elementor-widget-image\" data-id=\"66820e8\" data-element_type=\"widget\" data-widget_type=\"image.default\">\n\t\t\t\t\t\t\t\t\t\t\t\t\t\t\t<img loading=\"lazy\" decoding=\"async\" width=\"1024\" height=\"1024\" src=\"https:\/\/kongres.adexemplum.com\/wp-content\/uploads\/2025\/10\/hanna-gajewska-kraczkowska-prelegenci-1024x1024.jpeg\" class=\"attachment-large size-large wp-image-485\" alt=\"\" srcset=\"https:\/\/kongres.adexemplum.com\/wp-content\/uploads\/2025\/10\/hanna-gajewska-kraczkowska-prelegenci-1024x1024.jpeg 1024w, https:\/\/kongres.adexemplum.com\/wp-content\/uploads\/2025\/10\/hanna-gajewska-kraczkowska-prelegenci-300x300.jpeg 300w, https:\/\/kongres.adexemplum.com\/wp-content\/uploads\/2025\/10\/hanna-gajewska-kraczkowska-prelegenci-150x150.jpeg 150w, https:\/\/kongres.adexemplum.com\/wp-content\/uploads\/2025\/10\/hanna-gajewska-kraczkowska-prelegenci-768x768.jpeg 768w, https:\/\/kongres.adexemplum.com\/wp-content\/uploads\/2025\/10\/hanna-gajewska-kraczkowska-prelegenci.jpeg 1080w\" sizes=\"(max-width: 1024px) 100vw, 1024px\" \/>\t\t\t\t\t\t\t\t\t\t\t\t\t\t\t<\/div>\n\t\t\t\t<div class=\"elementor-element elementor-element-c1ef7d0 elementor-widget elementor-widget-image\" data-id=\"c1ef7d0\" data-element_type=\"widget\" data-widget_type=\"image.default\">\n\t\t\t\t\t\t\t\t\t\t\t\t\t\t\t<img loading=\"lazy\" decoding=\"async\" width=\"1024\" height=\"1024\" src=\"https:\/\/kongres.adexemplum.com\/wp-content\/uploads\/2025\/10\/igor-tuleya-prelegenci-1024x1024.jpeg\" class=\"attachment-large size-large wp-image-498\" alt=\"\" srcset=\"https:\/\/kongres.adexemplum.com\/wp-content\/uploads\/2025\/10\/igor-tuleya-prelegenci-1024x1024.jpeg 1024w, https:\/\/kongres.adexemplum.com\/wp-content\/uploads\/2025\/10\/igor-tuleya-prelegenci-300x300.jpeg 300w, https:\/\/kongres.adexemplum.com\/wp-content\/uploads\/2025\/10\/igor-tuleya-prelegenci-150x150.jpeg 150w, https:\/\/kongres.adexemplum.com\/wp-content\/uploads\/2025\/10\/igor-tuleya-prelegenci-768x768.jpeg 768w, https:\/\/kongres.adexemplum.com\/wp-content\/uploads\/2025\/10\/igor-tuleya-prelegenci.jpeg 1080w\" sizes=\"(max-width: 1024px) 100vw, 1024px\" \/>\t\t\t\t\t\t\t\t\t\t\t\t\t\t\t<\/div>\n\t\t\t\t<div class=\"elementor-element elementor-element-9560e10 elementor-widget elementor-widget-image\" data-id=\"9560e10\" data-element_type=\"widget\" data-widget_type=\"image.default\">\n\t\t\t\t\t\t\t\t\t\t\t\t\t\t\t<img loading=\"lazy\" decoding=\"async\" width=\"1024\" height=\"1024\" src=\"https:\/\/kongres.adexemplum.com\/wp-content\/uploads\/2025\/10\/luiza-modzelewska-prelegenci-1024x1024.jpeg\" class=\"attachment-large size-large wp-image-366\" alt=\"\" srcset=\"https:\/\/kongres.adexemplum.com\/wp-content\/uploads\/2025\/10\/luiza-modzelewska-prelegenci-1024x1024.jpeg 1024w, https:\/\/kongres.adexemplum.com\/wp-content\/uploads\/2025\/10\/luiza-modzelewska-prelegenci-300x300.jpeg 300w, https:\/\/kongres.adexemplum.com\/wp-content\/uploads\/2025\/10\/luiza-modzelewska-prelegenci-150x150.jpeg 150w, https:\/\/kongres.adexemplum.com\/wp-content\/uploads\/2025\/10\/luiza-modzelewska-prelegenci-768x768.jpeg 768w, https:\/\/kongres.adexemplum.com\/wp-content\/uploads\/2025\/10\/luiza-modzelewska-prelegenci.jpeg 1080w\" sizes=\"(max-width: 1024px) 100vw, 1024px\" \/>\t\t\t\t\t\t\t\t\t\t\t\t\t\t\t<\/div>\n\t\t\t\t<div class=\"elementor-element elementor-element-1c5e1ae elementor-widget elementor-widget-image\" data-id=\"1c5e1ae\" data-element_type=\"widget\" data-widget_type=\"image.default\">\n\t\t\t\t\t\t\t\t\t\t\t\t\t\t\t<img loading=\"lazy\" decoding=\"async\" width=\"1024\" height=\"1024\" src=\"https:\/\/kongres.adexemplum.com\/wp-content\/uploads\/2025\/10\/robert-zawlocki4-prelegenci-1024x1024.jpeg\" class=\"attachment-large size-large wp-image-882\" alt=\"\" srcset=\"https:\/\/kongres.adexemplum.com\/wp-content\/uploads\/2025\/10\/robert-zawlocki4-prelegenci-1024x1024.jpeg 1024w, https:\/\/kongres.adexemplum.com\/wp-content\/uploads\/2025\/10\/robert-zawlocki4-prelegenci-300x300.jpeg 300w, https:\/\/kongres.adexemplum.com\/wp-content\/uploads\/2025\/10\/robert-zawlocki4-prelegenci-150x150.jpeg 150w, https:\/\/kongres.adexemplum.com\/wp-content\/uploads\/2025\/10\/robert-zawlocki4-prelegenci-768x768.jpeg 768w, https:\/\/kongres.adexemplum.com\/wp-content\/uploads\/2025\/10\/robert-zawlocki4-prelegenci.jpeg 1080w\" sizes=\"(max-width: 1024px) 100vw, 1024px\" \/>\t\t\t\t\t\t\t\t\t\t\t\t\t\t\t<\/div>\n\t\t\t\t<div class=\"elementor-element elementor-element-70b5d6d elementor-widget elementor-widget-image\" data-id=\"70b5d6d\" data-element_type=\"widget\" data-widget_type=\"image.default\">\n\t\t\t\t\t\t\t\t\t\t\t\t\t\t\t<img loading=\"lazy\" decoding=\"async\" width=\"1024\" height=\"1024\" src=\"https:\/\/kongres.adexemplum.com\/wp-content\/uploads\/2025\/10\/julita-mazurkiewicz-prelegenci-1024x1024.jpeg\" class=\"attachment-large size-large wp-image-373\" alt=\"\" srcset=\"https:\/\/kongres.adexemplum.com\/wp-content\/uploads\/2025\/10\/julita-mazurkiewicz-prelegenci-1024x1024.jpeg 1024w, https:\/\/kongres.adexemplum.com\/wp-content\/uploads\/2025\/10\/julita-mazurkiewicz-prelegenci-300x300.jpeg 300w, https:\/\/kongres.adexemplum.com\/wp-content\/uploads\/2025\/10\/julita-mazurkiewicz-prelegenci-150x150.jpeg 150w, https:\/\/kongres.adexemplum.com\/wp-content\/uploads\/2025\/10\/julita-mazurkiewicz-prelegenci-768x768.jpeg 768w, https:\/\/kongres.adexemplum.com\/wp-content\/uploads\/2025\/10\/julita-mazurkiewicz-prelegenci.jpeg 1080w\" sizes=\"(max-width: 1024px) 100vw, 1024px\" \/>\t\t\t\t\t\t\t\t\t\t\t\t\t\t\t<\/div>\n\t\t\t\t<div class=\"elementor-element elementor-element-2e22155 elementor-widget elementor-widget-image\" data-id=\"2e22155\" data-element_type=\"widget\" data-widget_type=\"image.default\">\n\t\t\t\t\t\t\t\t\t\t\t\t\t\t\t<img loading=\"lazy\" decoding=\"async\" width=\"1024\" height=\"1024\" src=\"https:\/\/kongres.adexemplum.com\/wp-content\/uploads\/2025\/10\/krzysztof-kowalczyk-prelegenci-1024x1024.jpeg\" class=\"attachment-large size-large wp-image-372\" alt=\"\" srcset=\"https:\/\/kongres.adexemplum.com\/wp-content\/uploads\/2025\/10\/krzysztof-kowalczyk-prelegenci-1024x1024.jpeg 1024w, https:\/\/kongres.adexemplum.com\/wp-content\/uploads\/2025\/10\/krzysztof-kowalczyk-prelegenci-300x300.jpeg 300w, https:\/\/kongres.adexemplum.com\/wp-content\/uploads\/2025\/10\/krzysztof-kowalczyk-prelegenci-150x150.jpeg 150w, https:\/\/kongres.adexemplum.com\/wp-content\/uploads\/2025\/10\/krzysztof-kowalczyk-prelegenci-768x768.jpeg 768w, https:\/\/kongres.adexemplum.com\/wp-content\/uploads\/2025\/10\/krzysztof-kowalczyk-prelegenci.jpeg 1080w\" sizes=\"(max-width: 1024px) 100vw, 1024px\" \/>\t\t\t\t\t\t\t\t\t\t\t\t\t\t\t<\/div>\n\t\t\t\t<div class=\"elementor-element elementor-element-58094e9 elementor-widget elementor-widget-image\" data-id=\"58094e9\" data-element_type=\"widget\" data-widget_type=\"image.default\">\n\t\t\t\t\t\t\t\t\t\t\t\t\t\t\t<img loading=\"lazy\" decoding=\"async\" width=\"1024\" height=\"1024\" src=\"https:\/\/kongres.adexemplum.com\/wp-content\/uploads\/2025\/10\/katarzyna-krauss-prelegenci-1024x1024.jpeg\" class=\"attachment-large size-large wp-image-378\" alt=\"\" srcset=\"https:\/\/kongres.adexemplum.com\/wp-content\/uploads\/2025\/10\/katarzyna-krauss-prelegenci-1024x1024.jpeg 1024w, https:\/\/kongres.adexemplum.com\/wp-content\/uploads\/2025\/10\/katarzyna-krauss-prelegenci-300x300.jpeg 300w, https:\/\/kongres.adexemplum.com\/wp-content\/uploads\/2025\/10\/katarzyna-krauss-prelegenci-150x150.jpeg 150w, https:\/\/kongres.adexemplum.com\/wp-content\/uploads\/2025\/10\/katarzyna-krauss-prelegenci-768x768.jpeg 768w, https:\/\/kongres.adexemplum.com\/wp-content\/uploads\/2025\/10\/katarzyna-krauss-prelegenci.jpeg 1080w\" sizes=\"(max-width: 1024px) 100vw, 1024px\" \/>\t\t\t\t\t\t\t\t\t\t\t\t\t\t\t<\/div>\n\t\t\t\t<div class=\"elementor-element elementor-element-80717b9 elementor-widget elementor-widget-image\" data-id=\"80717b9\" data-element_type=\"widget\" data-widget_type=\"image.default\">\n\t\t\t\t\t\t\t\t\t\t\t\t\t\t\t<img loading=\"lazy\" decoding=\"async\" width=\"1024\" height=\"1024\" src=\"https:\/\/kongres.adexemplum.com\/wp-content\/uploads\/2025\/10\/piotr-gieron-prelegenci-1024x1024.jpeg\" class=\"attachment-large size-large wp-image-374\" alt=\"\" srcset=\"https:\/\/kongres.adexemplum.com\/wp-content\/uploads\/2025\/10\/piotr-gieron-prelegenci-1024x1024.jpeg 1024w, https:\/\/kongres.adexemplum.com\/wp-content\/uploads\/2025\/10\/piotr-gieron-prelegenci-300x300.jpeg 300w, https:\/\/kongres.adexemplum.com\/wp-content\/uploads\/2025\/10\/piotr-gieron-prelegenci-150x150.jpeg 150w, https:\/\/kongres.adexemplum.com\/wp-content\/uploads\/2025\/10\/piotr-gieron-prelegenci-768x768.jpeg 768w, https:\/\/kongres.adexemplum.com\/wp-content\/uploads\/2025\/10\/piotr-gieron-prelegenci.jpeg 1080w\" sizes=\"(max-width: 1024px) 100vw, 1024px\" \/>\t\t\t\t\t\t\t\t\t\t\t\t\t\t\t<\/div>\n\t\t\t\t<div class=\"elementor-element elementor-element-498d012 elementor-widget elementor-widget-image\" data-id=\"498d012\" data-element_type=\"widget\" data-widget_type=\"image.default\">\n\t\t\t\t\t\t\t\t\t\t\t\t\t\t\t<img loading=\"lazy\" decoding=\"async\" width=\"1024\" height=\"1024\" src=\"https:\/\/kongres.adexemplum.com\/wp-content\/uploads\/2025\/10\/katarzyna-nowak-prelegenci-1024x1024.jpeg\" class=\"attachment-large size-large wp-image-380\" alt=\"\" srcset=\"https:\/\/kongres.adexemplum.com\/wp-content\/uploads\/2025\/10\/katarzyna-nowak-prelegenci-1024x1024.jpeg 1024w, https:\/\/kongres.adexemplum.com\/wp-content\/uploads\/2025\/10\/katarzyna-nowak-prelegenci-300x300.jpeg 300w, https:\/\/kongres.adexemplum.com\/wp-content\/uploads\/2025\/10\/katarzyna-nowak-prelegenci-150x150.jpeg 150w, https:\/\/kongres.adexemplum.com\/wp-content\/uploads\/2025\/10\/katarzyna-nowak-prelegenci-768x768.jpeg 768w, https:\/\/kongres.adexemplum.com\/wp-content\/uploads\/2025\/10\/katarzyna-nowak-prelegenci.jpeg 1080w\" sizes=\"(max-width: 1024px) 100vw, 1024px\" \/>\t\t\t\t\t\t\t\t\t\t\t\t\t\t\t<\/div>\n\t\t\t\t<div class=\"elementor-element elementor-element-17afcd8 elementor-widget elementor-widget-image\" data-id=\"17afcd8\" data-element_type=\"widget\" data-widget_type=\"image.default\">\n\t\t\t\t\t\t\t\t\t\t\t\t\t\t\t<img loading=\"lazy\" decoding=\"async\" width=\"1024\" height=\"1024\" src=\"https:\/\/kongres.adexemplum.com\/wp-content\/uploads\/2025\/10\/zbigniew-miczek-prelegenci-1024x1024.jpeg\" class=\"attachment-large size-large wp-image-367\" alt=\"\" srcset=\"https:\/\/kongres.adexemplum.com\/wp-content\/uploads\/2025\/10\/zbigniew-miczek-prelegenci-1024x1024.jpeg 1024w, https:\/\/kongres.adexemplum.com\/wp-content\/uploads\/2025\/10\/zbigniew-miczek-prelegenci-300x300.jpeg 300w, https:\/\/kongres.adexemplum.com\/wp-content\/uploads\/2025\/10\/zbigniew-miczek-prelegenci-150x150.jpeg 150w, https:\/\/kongres.adexemplum.com\/wp-content\/uploads\/2025\/10\/zbigniew-miczek-prelegenci-768x768.jpeg 768w, https:\/\/kongres.adexemplum.com\/wp-content\/uploads\/2025\/10\/zbigniew-miczek-prelegenci.jpeg 1080w\" sizes=\"(max-width: 1024px) 100vw, 1024px\" \/>\t\t\t\t\t\t\t\t\t\t\t\t\t\t\t<\/div>\n\t\t\t\t<div class=\"elementor-element elementor-element-20ae7d2 elementor-widget elementor-widget-image\" data-id=\"20ae7d2\" data-element_type=\"widget\" data-widget_type=\"image.default\">\n\t\t\t\t\t\t\t\t\t\t\t\t\t\t\t<img loading=\"lazy\" decoding=\"async\" width=\"1024\" height=\"1024\" src=\"https:\/\/kongres.adexemplum.com\/wp-content\/uploads\/2025\/10\/joanna-wedrychowska2-prelegenci-1024x1024.jpeg\" class=\"attachment-large size-large wp-image-394\" alt=\"\" srcset=\"https:\/\/kongres.adexemplum.com\/wp-content\/uploads\/2025\/10\/joanna-wedrychowska2-prelegenci-1024x1024.jpeg 1024w, https:\/\/kongres.adexemplum.com\/wp-content\/uploads\/2025\/10\/joanna-wedrychowska2-prelegenci-300x300.jpeg 300w, https:\/\/kongres.adexemplum.com\/wp-content\/uploads\/2025\/10\/joanna-wedrychowska2-prelegenci-150x150.jpeg 150w, https:\/\/kongres.adexemplum.com\/wp-content\/uploads\/2025\/10\/joanna-wedrychowska2-prelegenci-768x768.jpeg 768w, https:\/\/kongres.adexemplum.com\/wp-content\/uploads\/2025\/10\/joanna-wedrychowska2-prelegenci.jpeg 1080w\" sizes=\"(max-width: 1024px) 100vw, 1024px\" \/>\t\t\t\t\t\t\t\t\t\t\t\t\t\t\t<\/div>\n\t\t\t\t<div class=\"elementor-element elementor-element-72e8503 elementor-widget elementor-widget-image\" data-id=\"72e8503\" data-element_type=\"widget\" data-widget_type=\"image.default\">\n\t\t\t\t\t\t\t\t\t\t\t\t\t\t\t<img loading=\"lazy\" decoding=\"async\" width=\"1024\" height=\"1024\" src=\"https:\/\/kongres.adexemplum.com\/wp-content\/uploads\/2025\/10\/jacek-stoklosa-prelegenci-1024x1024.jpeg\" class=\"attachment-large size-large wp-image-384\" alt=\"\" srcset=\"https:\/\/kongres.adexemplum.com\/wp-content\/uploads\/2025\/10\/jacek-stoklosa-prelegenci-1024x1024.jpeg 1024w, https:\/\/kongres.adexemplum.com\/wp-content\/uploads\/2025\/10\/jacek-stoklosa-prelegenci-300x300.jpeg 300w, https:\/\/kongres.adexemplum.com\/wp-content\/uploads\/2025\/10\/jacek-stoklosa-prelegenci-150x150.jpeg 150w, https:\/\/kongres.adexemplum.com\/wp-content\/uploads\/2025\/10\/jacek-stoklosa-prelegenci-768x768.jpeg 768w, https:\/\/kongres.adexemplum.com\/wp-content\/uploads\/2025\/10\/jacek-stoklosa-prelegenci.jpeg 1080w\" sizes=\"(max-width: 1024px) 100vw, 1024px\" \/>\t\t\t\t\t\t\t\t\t\t\t\t\t\t\t<\/div>\n\t\t\t\t<div class=\"elementor-element elementor-element-241dc00 elementor-widget elementor-widget-image\" data-id=\"241dc00\" data-element_type=\"widget\" data-widget_type=\"image.default\">\n\t\t\t\t\t\t\t\t\t\t\t\t\t\t\t<img loading=\"lazy\" decoding=\"async\" width=\"1024\" height=\"1024\" src=\"https:\/\/kongres.adexemplum.com\/wp-content\/uploads\/2025\/10\/aleksandra-wejdelek-bziuk-prelegenci-1024x1024.jpeg\" class=\"attachment-large size-large wp-image-497\" alt=\"\" srcset=\"https:\/\/kongres.adexemplum.com\/wp-content\/uploads\/2025\/10\/aleksandra-wejdelek-bziuk-prelegenci-1024x1024.jpeg 1024w, https:\/\/kongres.adexemplum.com\/wp-content\/uploads\/2025\/10\/aleksandra-wejdelek-bziuk-prelegenci-300x300.jpeg 300w, https:\/\/kongres.adexemplum.com\/wp-content\/uploads\/2025\/10\/aleksandra-wejdelek-bziuk-prelegenci-150x150.jpeg 150w, https:\/\/kongres.adexemplum.com\/wp-content\/uploads\/2025\/10\/aleksandra-wejdelek-bziuk-prelegenci-768x768.jpeg 768w, https:\/\/kongres.adexemplum.com\/wp-content\/uploads\/2025\/10\/aleksandra-wejdelek-bziuk-prelegenci.jpeg 1080w\" sizes=\"(max-width: 1024px) 100vw, 1024px\" \/>\t\t\t\t\t\t\t\t\t\t\t\t\t\t\t<\/div>\n\t\t\t\t<div class=\"elementor-element elementor-element-d7ba944 elementor-widget elementor-widget-image\" data-id=\"d7ba944\" data-element_type=\"widget\" data-widget_type=\"image.default\">\n\t\t\t\t\t\t\t\t\t\t\t\t\t\t\t<img loading=\"lazy\" decoding=\"async\" width=\"1024\" height=\"1024\" src=\"https:\/\/kongres.adexemplum.com\/wp-content\/uploads\/2025\/10\/piotr-chanko2-prelegenci-1024x1024.jpeg\" class=\"attachment-large size-large wp-image-464\" alt=\"\" srcset=\"https:\/\/kongres.adexemplum.com\/wp-content\/uploads\/2025\/10\/piotr-chanko2-prelegenci-1024x1024.jpeg 1024w, https:\/\/kongres.adexemplum.com\/wp-content\/uploads\/2025\/10\/piotr-chanko2-prelegenci-300x300.jpeg 300w, https:\/\/kongres.adexemplum.com\/wp-content\/uploads\/2025\/10\/piotr-chanko2-prelegenci-150x150.jpeg 150w, https:\/\/kongres.adexemplum.com\/wp-content\/uploads\/2025\/10\/piotr-chanko2-prelegenci-768x768.jpeg 768w, https:\/\/kongres.adexemplum.com\/wp-content\/uploads\/2025\/10\/piotr-chanko2-prelegenci.jpeg 1080w\" sizes=\"(max-width: 1024px) 100vw, 1024px\" \/>\t\t\t\t\t\t\t\t\t\t\t\t\t\t\t<\/div>\n\t\t\t\t<div class=\"elementor-element elementor-element-51fcbf6 elementor-widget elementor-widget-image\" data-id=\"51fcbf6\" data-element_type=\"widget\" data-widget_type=\"image.default\">\n\t\t\t\t\t\t\t\t\t\t\t\t\t\t\t<img loading=\"lazy\" decoding=\"async\" width=\"1024\" height=\"1024\" src=\"https:\/\/kongres.adexemplum.com\/wp-content\/uploads\/2025\/10\/jadwiga-plazek-zywicka-prelegenci-1024x1024.jpeg\" class=\"attachment-large size-large wp-image-499\" alt=\"\" srcset=\"https:\/\/kongres.adexemplum.com\/wp-content\/uploads\/2025\/10\/jadwiga-plazek-zywicka-prelegenci-1024x1024.jpeg 1024w, https:\/\/kongres.adexemplum.com\/wp-content\/uploads\/2025\/10\/jadwiga-plazek-zywicka-prelegenci-300x300.jpeg 300w, https:\/\/kongres.adexemplum.com\/wp-content\/uploads\/2025\/10\/jadwiga-plazek-zywicka-prelegenci-150x150.jpeg 150w, https:\/\/kongres.adexemplum.com\/wp-content\/uploads\/2025\/10\/jadwiga-plazek-zywicka-prelegenci-768x768.jpeg 768w, https:\/\/kongres.adexemplum.com\/wp-content\/uploads\/2025\/10\/jadwiga-plazek-zywicka-prelegenci.jpeg 1080w\" sizes=\"(max-width: 1024px) 100vw, 1024px\" \/>\t\t\t\t\t\t\t\t\t\t\t\t\t\t\t<\/div>\n\t\t\t\t<div class=\"elementor-element elementor-element-1fed8cf elementor-widget elementor-widget-image\" data-id=\"1fed8cf\" data-element_type=\"widget\" data-widget_type=\"image.default\">\n\t\t\t\t\t\t\t\t\t\t\t\t\t\t\t<img loading=\"lazy\" decoding=\"async\" width=\"1024\" height=\"1024\" src=\"https:\/\/kongres.adexemplum.com\/wp-content\/uploads\/2025\/10\/agata-wisniewska-prelegenci-1024x1024.jpeg\" class=\"attachment-large size-large wp-image-490\" alt=\"\" srcset=\"https:\/\/kongres.adexemplum.com\/wp-content\/uploads\/2025\/10\/agata-wisniewska-prelegenci-1024x1024.jpeg 1024w, https:\/\/kongres.adexemplum.com\/wp-content\/uploads\/2025\/10\/agata-wisniewska-prelegenci-300x300.jpeg 300w, https:\/\/kongres.adexemplum.com\/wp-content\/uploads\/2025\/10\/agata-wisniewska-prelegenci-150x150.jpeg 150w, https:\/\/kongres.adexemplum.com\/wp-content\/uploads\/2025\/10\/agata-wisniewska-prelegenci-768x768.jpeg 768w, https:\/\/kongres.adexemplum.com\/wp-content\/uploads\/2025\/10\/agata-wisniewska-prelegenci.jpeg 1080w\" sizes=\"(max-width: 1024px) 100vw, 1024px\" \/>\t\t\t\t\t\t\t\t\t\t\t\t\t\t\t<\/div>\n\t\t\t\t<div class=\"elementor-element elementor-element-d56539d elementor-widget elementor-widget-image\" data-id=\"d56539d\" data-element_type=\"widget\" data-widget_type=\"image.default\">\n\t\t\t\t\t\t\t\t\t\t\t\t\t\t\t<img loading=\"lazy\" decoding=\"async\" width=\"1024\" height=\"1024\" src=\"https:\/\/kongres.adexemplum.com\/wp-content\/uploads\/2025\/10\/michal-matuszak-prelegenci-1024x1024.jpeg\" class=\"attachment-large size-large wp-image-390\" alt=\"\" srcset=\"https:\/\/kongres.adexemplum.com\/wp-content\/uploads\/2025\/10\/michal-matuszak-prelegenci-1024x1024.jpeg 1024w, https:\/\/kongres.adexemplum.com\/wp-content\/uploads\/2025\/10\/michal-matuszak-prelegenci-300x300.jpeg 300w, https:\/\/kongres.adexemplum.com\/wp-content\/uploads\/2025\/10\/michal-matuszak-prelegenci-150x150.jpeg 150w, https:\/\/kongres.adexemplum.com\/wp-content\/uploads\/2025\/10\/michal-matuszak-prelegenci-768x768.jpeg 768w, https:\/\/kongres.adexemplum.com\/wp-content\/uploads\/2025\/10\/michal-matuszak-prelegenci.jpeg 1080w\" sizes=\"(max-width: 1024px) 100vw, 1024px\" \/>\t\t\t\t\t\t\t\t\t\t\t\t\t\t\t<\/div>\n\t\t\t\t<div class=\"elementor-element elementor-element-096c15c elementor-widget elementor-widget-image\" data-id=\"096c15c\" data-element_type=\"widget\" data-widget_type=\"image.default\">\n\t\t\t\t\t\t\t\t\t\t\t\t\t\t\t<img loading=\"lazy\" decoding=\"async\" width=\"1024\" height=\"1024\" src=\"https:\/\/kongres.adexemplum.com\/wp-content\/uploads\/2025\/10\/paula-czaplarska-prelegenci-1024x1024.jpeg\" class=\"attachment-large size-large wp-image-492\" alt=\"\" srcset=\"https:\/\/kongres.adexemplum.com\/wp-content\/uploads\/2025\/10\/paula-czaplarska-prelegenci-1024x1024.jpeg 1024w, https:\/\/kongres.adexemplum.com\/wp-content\/uploads\/2025\/10\/paula-czaplarska-prelegenci-300x300.jpeg 300w, https:\/\/kongres.adexemplum.com\/wp-content\/uploads\/2025\/10\/paula-czaplarska-prelegenci-150x150.jpeg 150w, https:\/\/kongres.adexemplum.com\/wp-content\/uploads\/2025\/10\/paula-czaplarska-prelegenci-768x768.jpeg 768w, https:\/\/kongres.adexemplum.com\/wp-content\/uploads\/2025\/10\/paula-czaplarska-prelegenci.jpeg 1080w\" sizes=\"(max-width: 1024px) 100vw, 1024px\" \/>\t\t\t\t\t\t\t\t\t\t\t\t\t\t\t<\/div>\n\t\t\t\t<div class=\"elementor-element elementor-element-2c45fe4 elementor-widget elementor-widget-image\" data-id=\"2c45fe4\" data-element_type=\"widget\" data-widget_type=\"image.default\">\n\t\t\t\t\t\t\t\t\t\t\t\t\t\t\t<img loading=\"lazy\" decoding=\"async\" width=\"1024\" height=\"1024\" src=\"https:\/\/kongres.adexemplum.com\/wp-content\/uploads\/2025\/10\/bartlomiej-leszczynski-prelegenci-1024x1024.jpeg\" class=\"attachment-large size-large wp-image-776\" alt=\"\" srcset=\"https:\/\/kongres.adexemplum.com\/wp-content\/uploads\/2025\/10\/bartlomiej-leszczynski-prelegenci-1024x1024.jpeg 1024w, https:\/\/kongres.adexemplum.com\/wp-content\/uploads\/2025\/10\/bartlomiej-leszczynski-prelegenci-300x300.jpeg 300w, https:\/\/kongres.adexemplum.com\/wp-content\/uploads\/2025\/10\/bartlomiej-leszczynski-prelegenci-150x150.jpeg 150w, https:\/\/kongres.adexemplum.com\/wp-content\/uploads\/2025\/10\/bartlomiej-leszczynski-prelegenci-768x768.jpeg 768w, https:\/\/kongres.adexemplum.com\/wp-content\/uploads\/2025\/10\/bartlomiej-leszczynski-prelegenci.jpeg 1080w\" sizes=\"(max-width: 1024px) 100vw, 1024px\" \/>\t\t\t\t\t\t\t\t\t\t\t\t\t\t\t<\/div>\n\t\t\t\t<div class=\"elementor-element elementor-element-aec1948 elementor-widget elementor-widget-image\" data-id=\"aec1948\" data-element_type=\"widget\" data-widget_type=\"image.default\">\n\t\t\t\t\t\t\t\t\t\t\t\t\t\t\t<img loading=\"lazy\" decoding=\"async\" width=\"1024\" height=\"1024\" src=\"https:\/\/kongres.adexemplum.com\/wp-content\/uploads\/2025\/10\/ewa-zuzanna-chmielnicka-prelegenci-1024x1024.jpeg\" class=\"attachment-large size-large wp-image-777\" alt=\"\" srcset=\"https:\/\/kongres.adexemplum.com\/wp-content\/uploads\/2025\/10\/ewa-zuzanna-chmielnicka-prelegenci-1024x1024.jpeg 1024w, https:\/\/kongres.adexemplum.com\/wp-content\/uploads\/2025\/10\/ewa-zuzanna-chmielnicka-prelegenci-300x300.jpeg 300w, https:\/\/kongres.adexemplum.com\/wp-content\/uploads\/2025\/10\/ewa-zuzanna-chmielnicka-prelegenci-150x150.jpeg 150w, https:\/\/kongres.adexemplum.com\/wp-content\/uploads\/2025\/10\/ewa-zuzanna-chmielnicka-prelegenci-768x768.jpeg 768w, https:\/\/kongres.adexemplum.com\/wp-content\/uploads\/2025\/10\/ewa-zuzanna-chmielnicka-prelegenci.jpeg 1080w\" sizes=\"(max-width: 1024px) 100vw, 1024px\" \/>\t\t\t\t\t\t\t\t\t\t\t\t\t\t\t<\/div>\n\t\t\t\t<div class=\"elementor-element elementor-element-71f0f85 elementor-widget elementor-widget-image\" data-id=\"71f0f85\" data-element_type=\"widget\" data-widget_type=\"image.default\">\n\t\t\t\t\t\t\t\t\t\t\t\t\t\t\t<img loading=\"lazy\" decoding=\"async\" width=\"1024\" height=\"1024\" src=\"https:\/\/kongres.adexemplum.com\/wp-content\/uploads\/2025\/10\/ireneusz-nieznanski-prelegenci-1024x1024.jpeg\" class=\"attachment-large size-large wp-image-654\" alt=\"\" srcset=\"https:\/\/kongres.adexemplum.com\/wp-content\/uploads\/2025\/10\/ireneusz-nieznanski-prelegenci-1024x1024.jpeg 1024w, https:\/\/kongres.adexemplum.com\/wp-content\/uploads\/2025\/10\/ireneusz-nieznanski-prelegenci-300x300.jpeg 300w, https:\/\/kongres.adexemplum.com\/wp-content\/uploads\/2025\/10\/ireneusz-nieznanski-prelegenci-150x150.jpeg 150w, https:\/\/kongres.adexemplum.com\/wp-content\/uploads\/2025\/10\/ireneusz-nieznanski-prelegenci-768x768.jpeg 768w, https:\/\/kongres.adexemplum.com\/wp-content\/uploads\/2025\/10\/ireneusz-nieznanski-prelegenci.jpeg 1080w\" sizes=\"(max-width: 1024px) 100vw, 1024px\" \/>\t\t\t\t\t\t\t\t\t\t\t\t\t\t\t<\/div>\n\t\t\t\t<div class=\"elementor-element elementor-element-7ac53b3 elementor-widget elementor-widget-image\" data-id=\"7ac53b3\" data-element_type=\"widget\" data-widget_type=\"image.default\">\n\t\t\t\t\t\t\t\t\t\t\t\t\t\t\t<img loading=\"lazy\" decoding=\"async\" width=\"1024\" height=\"1024\" src=\"https:\/\/kongres.adexemplum.com\/wp-content\/uploads\/2025\/10\/anna-dombska-prelegenci-1024x1024.jpeg\" class=\"attachment-large size-large wp-image-788\" alt=\"\" srcset=\"https:\/\/kongres.adexemplum.com\/wp-content\/uploads\/2025\/10\/anna-dombska-prelegenci-1024x1024.jpeg 1024w, https:\/\/kongres.adexemplum.com\/wp-content\/uploads\/2025\/10\/anna-dombska-prelegenci-300x300.jpeg 300w, https:\/\/kongres.adexemplum.com\/wp-content\/uploads\/2025\/10\/anna-dombska-prelegenci-150x150.jpeg 150w, https:\/\/kongres.adexemplum.com\/wp-content\/uploads\/2025\/10\/anna-dombska-prelegenci-768x768.jpeg 768w, https:\/\/kongres.adexemplum.com\/wp-content\/uploads\/2025\/10\/anna-dombska-prelegenci.jpeg 1080w\" sizes=\"(max-width: 1024px) 100vw, 1024px\" \/>\t\t\t\t\t\t\t\t\t\t\t\t\t\t\t<\/div>\n\t\t\t\t<div class=\"elementor-element elementor-element-de81c2a elementor-widget elementor-widget-image\" data-id=\"de81c2a\" data-element_type=\"widget\" data-widget_type=\"image.default\">\n\t\t\t\t\t\t\t\t\t\t\t\t\t\t\t<img loading=\"lazy\" decoding=\"async\" width=\"1024\" height=\"1024\" src=\"https:\/\/kongres.adexemplum.com\/wp-content\/uploads\/2025\/10\/patryk-toplitz2-prelegenci-1024x1024.jpeg\" class=\"attachment-large size-large wp-image-651\" alt=\"\" srcset=\"https:\/\/kongres.adexemplum.com\/wp-content\/uploads\/2025\/10\/patryk-toplitz2-prelegenci-1024x1024.jpeg 1024w, https:\/\/kongres.adexemplum.com\/wp-content\/uploads\/2025\/10\/patryk-toplitz2-prelegenci-300x300.jpeg 300w, https:\/\/kongres.adexemplum.com\/wp-content\/uploads\/2025\/10\/patryk-toplitz2-prelegenci-150x150.jpeg 150w, https:\/\/kongres.adexemplum.com\/wp-content\/uploads\/2025\/10\/patryk-toplitz2-prelegenci-768x768.jpeg 768w, https:\/\/kongres.adexemplum.com\/wp-content\/uploads\/2025\/10\/patryk-toplitz2-prelegenci.jpeg 1080w\" sizes=\"(max-width: 1024px) 100vw, 1024px\" \/>\t\t\t\t\t\t\t\t\t\t\t\t\t\t\t<\/div>\n\t\t\t\t<div class=\"elementor-element elementor-element-e0c76ca elementor-widget elementor-widget-image\" data-id=\"e0c76ca\" data-element_type=\"widget\" data-widget_type=\"image.default\">\n\t\t\t\t\t\t\t\t\t\t\t\t\t\t\t<img loading=\"lazy\" decoding=\"async\" width=\"1024\" height=\"1024\" src=\"https:\/\/kongres.adexemplum.com\/wp-content\/uploads\/2025\/10\/marzena-draganiak-prelegenci-1024x1024.jpeg\" class=\"attachment-large size-large wp-image-789\" alt=\"\" srcset=\"https:\/\/kongres.adexemplum.com\/wp-content\/uploads\/2025\/10\/marzena-draganiak-prelegenci-1024x1024.jpeg 1024w, https:\/\/kongres.adexemplum.com\/wp-content\/uploads\/2025\/10\/marzena-draganiak-prelegenci-300x300.jpeg 300w, https:\/\/kongres.adexemplum.com\/wp-content\/uploads\/2025\/10\/marzena-draganiak-prelegenci-150x150.jpeg 150w, https:\/\/kongres.adexemplum.com\/wp-content\/uploads\/2025\/10\/marzena-draganiak-prelegenci-768x768.jpeg 768w, https:\/\/kongres.adexemplum.com\/wp-content\/uploads\/2025\/10\/marzena-draganiak-prelegenci.jpeg 1080w\" sizes=\"(max-width: 1024px) 100vw, 1024px\" \/>\t\t\t\t\t\t\t\t\t\t\t\t\t\t\t<\/div>\n\t\t\t\t<div class=\"elementor-element elementor-element-2cdaa0c elementor-widget elementor-widget-image\" data-id=\"2cdaa0c\" data-element_type=\"widget\" data-widget_type=\"image.default\">\n\t\t\t\t\t\t\t\t\t\t\t\t\t\t\t<img loading=\"lazy\" decoding=\"async\" width=\"1024\" height=\"1024\" src=\"https:\/\/kongres.adexemplum.com\/wp-content\/uploads\/2025\/10\/katarzyna-swiezynska-prelegenci-1024x1024.jpeg\" class=\"attachment-large size-large wp-image-794\" alt=\"\" srcset=\"https:\/\/kongres.adexemplum.com\/wp-content\/uploads\/2025\/10\/katarzyna-swiezynska-prelegenci-1024x1024.jpeg 1024w, https:\/\/kongres.adexemplum.com\/wp-content\/uploads\/2025\/10\/katarzyna-swiezynska-prelegenci-300x300.jpeg 300w, https:\/\/kongres.adexemplum.com\/wp-content\/uploads\/2025\/10\/katarzyna-swiezynska-prelegenci-150x150.jpeg 150w, https:\/\/kongres.adexemplum.com\/wp-content\/uploads\/2025\/10\/katarzyna-swiezynska-prelegenci-768x768.jpeg 768w, https:\/\/kongres.adexemplum.com\/wp-content\/uploads\/2025\/10\/katarzyna-swiezynska-prelegenci.jpeg 1080w\" sizes=\"(max-width: 1024px) 100vw, 1024px\" \/>\t\t\t\t\t\t\t\t\t\t\t\t\t\t\t<\/div>\n\t\t\t\t<div class=\"elementor-element elementor-element-338879a elementor-widget elementor-widget-image\" data-id=\"338879a\" data-element_type=\"widget\" data-widget_type=\"image.default\">\n\t\t\t\t\t\t\t\t\t\t\t\t\t\t\t<img loading=\"lazy\" decoding=\"async\" width=\"1024\" height=\"1024\" src=\"https:\/\/kongres.adexemplum.com\/wp-content\/uploads\/2025\/10\/wioletta-kaloska2-prelegenci-1024x1024.jpeg\" class=\"attachment-large size-large wp-image-659\" alt=\"\" srcset=\"https:\/\/kongres.adexemplum.com\/wp-content\/uploads\/2025\/10\/wioletta-kaloska2-prelegenci-1024x1024.jpeg 1024w, https:\/\/kongres.adexemplum.com\/wp-content\/uploads\/2025\/10\/wioletta-kaloska2-prelegenci-300x300.jpeg 300w, https:\/\/kongres.adexemplum.com\/wp-content\/uploads\/2025\/10\/wioletta-kaloska2-prelegenci-150x150.jpeg 150w, https:\/\/kongres.adexemplum.com\/wp-content\/uploads\/2025\/10\/wioletta-kaloska2-prelegenci-768x768.jpeg 768w, https:\/\/kongres.adexemplum.com\/wp-content\/uploads\/2025\/10\/wioletta-kaloska2-prelegenci.jpeg 1080w\" sizes=\"(max-width: 1024px) 100vw, 1024px\" \/>\t\t\t\t\t\t\t\t\t\t\t\t\t\t\t<\/div>\n\t\t\t\t<div class=\"elementor-element elementor-element-50bc3bc elementor-widget elementor-widget-image\" data-id=\"50bc3bc\" data-element_type=\"widget\" data-widget_type=\"image.default\">\n\t\t\t\t\t\t\t\t\t\t\t\t\t\t\t<img loading=\"lazy\" decoding=\"async\" width=\"1024\" height=\"1024\" src=\"https:\/\/kongres.adexemplum.com\/wp-content\/uploads\/2025\/10\/dobroslawa-tomzik-prelegenci-1024x1024.jpeg\" class=\"attachment-large size-large wp-image-715\" alt=\"\" srcset=\"https:\/\/kongres.adexemplum.com\/wp-content\/uploads\/2025\/10\/dobroslawa-tomzik-prelegenci-1024x1024.jpeg 1024w, https:\/\/kongres.adexemplum.com\/wp-content\/uploads\/2025\/10\/dobroslawa-tomzik-prelegenci-300x300.jpeg 300w, https:\/\/kongres.adexemplum.com\/wp-content\/uploads\/2025\/10\/dobroslawa-tomzik-prelegenci-150x150.jpeg 150w, https:\/\/kongres.adexemplum.com\/wp-content\/uploads\/2025\/10\/dobroslawa-tomzik-prelegenci-768x768.jpeg 768w, https:\/\/kongres.adexemplum.com\/wp-content\/uploads\/2025\/10\/dobroslawa-tomzik-prelegenci.jpeg 1080w\" sizes=\"(max-width: 1024px) 100vw, 1024px\" \/>\t\t\t\t\t\t\t\t\t\t\t\t\t\t\t<\/div>\n\t\t\t\t<div class=\"elementor-element elementor-element-ccd9abe elementor-widget elementor-widget-image\" data-id=\"ccd9abe\" data-element_type=\"widget\" data-widget_type=\"image.default\">\n\t\t\t\t\t\t\t\t\t\t\t\t\t\t\t<img loading=\"lazy\" decoding=\"async\" width=\"1024\" height=\"1024\" src=\"https:\/\/kongres.adexemplum.com\/wp-content\/uploads\/2025\/10\/michal-pietrycki-prelegenci-1024x1024.jpeg\" class=\"attachment-large size-large wp-image-807\" alt=\"\" srcset=\"https:\/\/kongres.adexemplum.com\/wp-content\/uploads\/2025\/10\/michal-pietrycki-prelegenci-1024x1024.jpeg 1024w, https:\/\/kongres.adexemplum.com\/wp-content\/uploads\/2025\/10\/michal-pietrycki-prelegenci-300x300.jpeg 300w, https:\/\/kongres.adexemplum.com\/wp-content\/uploads\/2025\/10\/michal-pietrycki-prelegenci-150x150.jpeg 150w, https:\/\/kongres.adexemplum.com\/wp-content\/uploads\/2025\/10\/michal-pietrycki-prelegenci-768x768.jpeg 768w, https:\/\/kongres.adexemplum.com\/wp-content\/uploads\/2025\/10\/michal-pietrycki-prelegenci.jpeg 1080w\" sizes=\"(max-width: 1024px) 100vw, 1024px\" \/>\t\t\t\t\t\t\t\t\t\t\t\t\t\t\t<\/div>\n\t\t\t\t<div class=\"elementor-element elementor-element-d04ca76 elementor-widget elementor-widget-image\" data-id=\"d04ca76\" data-element_type=\"widget\" data-widget_type=\"image.default\">\n\t\t\t\t\t\t\t\t\t\t\t\t\t\t\t<img loading=\"lazy\" decoding=\"async\" width=\"1024\" height=\"1024\" src=\"https:\/\/kongres.adexemplum.com\/wp-content\/uploads\/2025\/10\/mikolaj-iwanski-prelegenci-1024x1024.jpeg\" class=\"attachment-large size-large wp-image-808\" alt=\"\" srcset=\"https:\/\/kongres.adexemplum.com\/wp-content\/uploads\/2025\/10\/mikolaj-iwanski-prelegenci-1024x1024.jpeg 1024w, https:\/\/kongres.adexemplum.com\/wp-content\/uploads\/2025\/10\/mikolaj-iwanski-prelegenci-300x300.jpeg 300w, https:\/\/kongres.adexemplum.com\/wp-content\/uploads\/2025\/10\/mikolaj-iwanski-prelegenci-150x150.jpeg 150w, https:\/\/kongres.adexemplum.com\/wp-content\/uploads\/2025\/10\/mikolaj-iwanski-prelegenci-768x768.jpeg 768w, https:\/\/kongres.adexemplum.com\/wp-content\/uploads\/2025\/10\/mikolaj-iwanski-prelegenci.jpeg 1080w\" sizes=\"(max-width: 1024px) 100vw, 1024px\" \/>\t\t\t\t\t\t\t\t\t\t\t\t\t\t\t<\/div>\n\t\t\t\t<div class=\"elementor-element elementor-element-ab375f2 elementor-widget elementor-widget-image\" data-id=\"ab375f2\" data-element_type=\"widget\" data-widget_type=\"image.default\">\n\t\t\t\t\t\t\t\t\t\t\t\t\t\t\t<img loading=\"lazy\" decoding=\"async\" width=\"1024\" height=\"1024\" src=\"https:\/\/kongres.adexemplum.com\/wp-content\/uploads\/2025\/10\/dariusz-kluczkowski-prelegenci-1024x1024.jpeg\" class=\"attachment-large size-large wp-image-809\" alt=\"\" srcset=\"https:\/\/kongres.adexemplum.com\/wp-content\/uploads\/2025\/10\/dariusz-kluczkowski-prelegenci-1024x1024.jpeg 1024w, https:\/\/kongres.adexemplum.com\/wp-content\/uploads\/2025\/10\/dariusz-kluczkowski-prelegenci-300x300.jpeg 300w, https:\/\/kongres.adexemplum.com\/wp-content\/uploads\/2025\/10\/dariusz-kluczkowski-prelegenci-150x150.jpeg 150w, https:\/\/kongres.adexemplum.com\/wp-content\/uploads\/2025\/10\/dariusz-kluczkowski-prelegenci-768x768.jpeg 768w, https:\/\/kongres.adexemplum.com\/wp-content\/uploads\/2025\/10\/dariusz-kluczkowski-prelegenci.jpeg 1080w\" sizes=\"(max-width: 1024px) 100vw, 1024px\" \/>\t\t\t\t\t\t\t\t\t\t\t\t\t\t\t<\/div>\n\t\t\t\t<div class=\"elementor-element elementor-element-5b2e3ca elementor-widget elementor-widget-image\" data-id=\"5b2e3ca\" data-element_type=\"widget\" data-widget_type=\"image.default\">\n\t\t\t\t\t\t\t\t\t\t\t\t\t\t\t<img loading=\"lazy\" decoding=\"async\" width=\"1024\" height=\"1024\" src=\"https:\/\/kongres.adexemplum.com\/wp-content\/uploads\/2025\/10\/danuta-wawrowska-prelegenci-1024x1024.jpeg\" class=\"attachment-large size-large wp-image-810\" alt=\"\" srcset=\"https:\/\/kongres.adexemplum.com\/wp-content\/uploads\/2025\/10\/danuta-wawrowska-prelegenci-1024x1024.jpeg 1024w, https:\/\/kongres.adexemplum.com\/wp-content\/uploads\/2025\/10\/danuta-wawrowska-prelegenci-300x300.jpeg 300w, https:\/\/kongres.adexemplum.com\/wp-content\/uploads\/2025\/10\/danuta-wawrowska-prelegenci-150x150.jpeg 150w, https:\/\/kongres.adexemplum.com\/wp-content\/uploads\/2025\/10\/danuta-wawrowska-prelegenci-768x768.jpeg 768w, https:\/\/kongres.adexemplum.com\/wp-content\/uploads\/2025\/10\/danuta-wawrowska-prelegenci.jpeg 1080w\" sizes=\"(max-width: 1024px) 100vw, 1024px\" \/>\t\t\t\t\t\t\t\t\t\t\t\t\t\t\t<\/div>\n\t\t\t\t<div class=\"elementor-element elementor-element-b5cd8ae elementor-widget elementor-widget-image\" data-id=\"b5cd8ae\" data-element_type=\"widget\" data-widget_type=\"image.default\">\n\t\t\t\t\t\t\t\t\t\t\t\t\t\t\t<img loading=\"lazy\" decoding=\"async\" width=\"1024\" height=\"1024\" src=\"https:\/\/kongres.adexemplum.com\/wp-content\/uploads\/2025\/10\/tomasz-mielke-prelegenci-1024x1024.jpeg\" class=\"attachment-large size-large wp-image-811\" alt=\"\" srcset=\"https:\/\/kongres.adexemplum.com\/wp-content\/uploads\/2025\/10\/tomasz-mielke-prelegenci-1024x1024.jpeg 1024w, https:\/\/kongres.adexemplum.com\/wp-content\/uploads\/2025\/10\/tomasz-mielke-prelegenci-300x300.jpeg 300w, https:\/\/kongres.adexemplum.com\/wp-content\/uploads\/2025\/10\/tomasz-mielke-prelegenci-150x150.jpeg 150w, https:\/\/kongres.adexemplum.com\/wp-content\/uploads\/2025\/10\/tomasz-mielke-prelegenci-768x768.jpeg 768w, https:\/\/kongres.adexemplum.com\/wp-content\/uploads\/2025\/10\/tomasz-mielke-prelegenci.jpeg 1080w\" sizes=\"(max-width: 1024px) 100vw, 1024px\" \/>\t\t\t\t\t\t\t\t\t\t\t\t\t\t\t<\/div>\n\t\t\t\t<div class=\"elementor-element elementor-element-33eb1aa elementor-widget elementor-widget-image\" data-id=\"33eb1aa\" data-element_type=\"widget\" data-widget_type=\"image.default\">\n\t\t\t\t\t\t\t\t\t\t\t\t\t\t\t<img loading=\"lazy\" decoding=\"async\" width=\"1024\" height=\"1024\" src=\"https:\/\/kongres.adexemplum.com\/wp-content\/uploads\/2025\/10\/patrycja-kasica-prelegenci-1024x1024.jpeg\" class=\"attachment-large size-large wp-image-812\" alt=\"\" srcset=\"https:\/\/kongres.adexemplum.com\/wp-content\/uploads\/2025\/10\/patrycja-kasica-prelegenci-1024x1024.jpeg 1024w, https:\/\/kongres.adexemplum.com\/wp-content\/uploads\/2025\/10\/patrycja-kasica-prelegenci-300x300.jpeg 300w, https:\/\/kongres.adexemplum.com\/wp-content\/uploads\/2025\/10\/patrycja-kasica-prelegenci-150x150.jpeg 150w, https:\/\/kongres.adexemplum.com\/wp-content\/uploads\/2025\/10\/patrycja-kasica-prelegenci-768x768.jpeg 768w, https:\/\/kongres.adexemplum.com\/wp-content\/uploads\/2025\/10\/patrycja-kasica-prelegenci.jpeg 1080w\" sizes=\"(max-width: 1024px) 100vw, 1024px\" \/>\t\t\t\t\t\t\t\t\t\t\t\t\t\t\t<\/div>\n\t\t\t\t<div class=\"elementor-element elementor-element-9f3b11f elementor-widget elementor-widget-image\" data-id=\"9f3b11f\" data-element_type=\"widget\" data-widget_type=\"image.default\">\n\t\t\t\t\t\t\t\t\t\t\t\t\t\t\t<img loading=\"lazy\" decoding=\"async\" width=\"1024\" height=\"1024\" src=\"https:\/\/kongres.adexemplum.com\/wp-content\/uploads\/2025\/10\/prelegenci-ogolny3-1-1024x1024.jpg\" class=\"attachment-large size-large wp-image-710\" alt=\"\" srcset=\"https:\/\/kongres.adexemplum.com\/wp-content\/uploads\/2025\/10\/prelegenci-ogolny3-1-1024x1024.jpg 1024w, https:\/\/kongres.adexemplum.com\/wp-content\/uploads\/2025\/10\/prelegenci-ogolny3-1-300x300.jpg 300w, https:\/\/kongres.adexemplum.com\/wp-content\/uploads\/2025\/10\/prelegenci-ogolny3-1-150x150.jpg 150w, https:\/\/kongres.adexemplum.com\/wp-content\/uploads\/2025\/10\/prelegenci-ogolny3-1-768x768.jpg 768w, https:\/\/kongres.adexemplum.com\/wp-content\/uploads\/2025\/10\/prelegenci-ogolny3-1.jpg 1080w\" sizes=\"(max-width: 1024px) 100vw, 1024px\" \/>\t\t\t\t\t\t\t\t\t\t\t\t\t\t\t<\/div>\n\t\t\t\t<div class=\"elementor-element elementor-element-a5f16f9 elementor-widget elementor-widget-image\" data-id=\"a5f16f9\" data-element_type=\"widget\" data-widget_type=\"image.default\">\n\t\t\t\t\t\t\t\t\t\t\t\t\t\t\t<img loading=\"lazy\" decoding=\"async\" width=\"1024\" height=\"1024\" src=\"https:\/\/kongres.adexemplum.com\/wp-content\/uploads\/2025\/10\/bartlomiej-tretkowski-prelegenci-1024x1024.jpeg\" class=\"attachment-large size-large wp-image-816\" alt=\"\" srcset=\"https:\/\/kongres.adexemplum.com\/wp-content\/uploads\/2025\/10\/bartlomiej-tretkowski-prelegenci-1024x1024.jpeg 1024w, https:\/\/kongres.adexemplum.com\/wp-content\/uploads\/2025\/10\/bartlomiej-tretkowski-prelegenci-300x300.jpeg 300w, https:\/\/kongres.adexemplum.com\/wp-content\/uploads\/2025\/10\/bartlomiej-tretkowski-prelegenci-150x150.jpeg 150w, https:\/\/kongres.adexemplum.com\/wp-content\/uploads\/2025\/10\/bartlomiej-tretkowski-prelegenci-768x768.jpeg 768w, https:\/\/kongres.adexemplum.com\/wp-content\/uploads\/2025\/10\/bartlomiej-tretkowski-prelegenci.jpeg 1080w\" sizes=\"(max-width: 1024px) 100vw, 1024px\" \/>\t\t\t\t\t\t\t\t\t\t\t\t\t\t\t<\/div>\n\t\t\t\t<div class=\"elementor-element elementor-element-2463157 elementor-widget elementor-widget-image\" data-id=\"2463157\" data-element_type=\"widget\" data-widget_type=\"image.default\">\n\t\t\t\t\t\t\t\t\t\t\t\t\t\t\t<img loading=\"lazy\" decoding=\"async\" width=\"1024\" height=\"1024\" src=\"https:\/\/kongres.adexemplum.com\/wp-content\/uploads\/2025\/10\/prelegenci-ogolny4-1024x1024.jpg\" class=\"attachment-large size-large wp-image-711\" alt=\"\" srcset=\"https:\/\/kongres.adexemplum.com\/wp-content\/uploads\/2025\/10\/prelegenci-ogolny4-1024x1024.jpg 1024w, https:\/\/kongres.adexemplum.com\/wp-content\/uploads\/2025\/10\/prelegenci-ogolny4-300x300.jpg 300w, https:\/\/kongres.adexemplum.com\/wp-content\/uploads\/2025\/10\/prelegenci-ogolny4-150x150.jpg 150w, https:\/\/kongres.adexemplum.com\/wp-content\/uploads\/2025\/10\/prelegenci-ogolny4-768x768.jpg 768w, https:\/\/kongres.adexemplum.com\/wp-content\/uploads\/2025\/10\/prelegenci-ogolny4.jpg 1080w\" sizes=\"(max-width: 1024px) 100vw, 1024px\" \/>\t\t\t\t\t\t\t\t\t\t\t\t\t\t\t<\/div>\n\t\t\t\t<\/div>\n\t\t\t\t\t<\/div>\n\t\t\t\t<\/div>\n\t\t<div class=\"elementor-element elementor-element-d0ed4e1 e-flex e-con-boxed elementor-invisible e-con e-parent\" data-id=\"d0ed4e1\" data-element_type=\"container\" id=\"program\" data-settings=\"{&quot;background_background&quot;:&quot;classic&quot;,&quot;animation&quot;:&quot;slideInUp&quot;}\">\n\t\t\t\t\t<div class=\"e-con-inner\">\n\t\t\t\t<div class=\"elementor-element elementor-element-ddeb3bc elementor-widget elementor-widget-heading\" data-id=\"ddeb3bc\" data-element_type=\"widget\" data-widget_type=\"heading.default\">\n\t\t\t\t\t<h2 class=\"elementor-heading-title elementor-size-default\">Program<\/h2>\t\t\t\t<\/div>\n\t\t\t\t<div class=\"elementor-element elementor-element-3376e8a elementor-widget elementor-widget-heading\" data-id=\"3376e8a\" data-element_type=\"widget\" data-widget_type=\"heading.default\">\n\t\t\t\t\t<h4 class=\"elementor-heading-title elementor-size-default\">PONIEDZIA\u0141EK<br \/>\n20 pa\u017adziernika 2025\n<\/h4>\t\t\t\t<\/div>\n\t\t<div class=\"elementor-element elementor-element-2caf2b4 e-grid e-con-full e-con e-child\" data-id=\"2caf2b4\" data-element_type=\"container\">\n\t\t<div class=\"elementor-element elementor-element-3d363ad e-con-full e-flex e-con e-child\" data-id=\"3d363ad\" data-element_type=\"container\" data-settings=\"{&quot;background_background&quot;:&quot;classic&quot;}\">\n\t\t\t\t<div class=\"elementor-element elementor-element-eefc2cb elementor-widget elementor-widget-heading\" data-id=\"eefc2cb\" data-element_type=\"widget\" data-widget_type=\"heading.default\">\n\t\t\t\t\t<h4 class=\"elementor-heading-title elementor-size-default\"><strong><span style=\"color:#000\">Panel otwieraj\u0105cy<\/span><br \/>\nIII CZP 120\/22<\/strong> [uchwa\u0142a SN z 16.VI.2023]\n\u2013 <strong>czy my si\u0119 na to godzimy ?<\/strong>\n<\/h4>\t\t\t\t<\/div>\n\t\t\t\t<div class=\"elementor-element elementor-element-291c54c elementor-widget elementor-widget-text-editor\" data-id=\"291c54c\" data-element_type=\"widget\" data-widget_type=\"text-editor.default\">\n\t\t\t\t\t\t\t\t\t<p>Panelistki:<br \/><strong>adw. Agata Rewerska<\/strong><br \/><strong>adw. Jadwiga P\u0142a\u017cek \u2013 \u017bywicka<\/strong><br \/>godzina: 10:30-12:00<\/p>\t\t\t\t\t\t\t\t<\/div>\n\t\t\t\t<\/div>\n\t\t<div class=\"elementor-element elementor-element-8301fb7 e-con-full e-flex e-con e-child\" data-id=\"8301fb7\" data-element_type=\"container\" data-settings=\"{&quot;background_background&quot;:&quot;classic&quot;}\">\n\t\t\t\t<div class=\"elementor-element elementor-element-dd9dd3d elementor-widget elementor-widget-heading\" data-id=\"dd9dd3d\" data-element_type=\"widget\" data-widget_type=\"heading.default\">\n\t\t\t\t\t<h4 class=\"elementor-heading-title elementor-size-default\"><strong>NIELEGALNE DOWODY W POST\u0118POWANIU CYWILNYM\n<\/strong>\n<\/h4>\t\t\t\t<\/div>\n\t\t\t\t<div class=\"elementor-element elementor-element-17fc81e elementor-widget elementor-widget-text-editor\" data-id=\"17fc81e\" data-element_type=\"widget\" data-widget_type=\"text-editor.default\">\n\t\t\t\t\t\t\t\t\t<p>Prowadz\u0105ca:<br \/><strong>adw. Agata Rewerska<\/strong><br \/>Panelistka:<br \/><strong>adw. Dobros\u0142awa Tomzik<\/strong><br \/>godzina: 12:15-13:15<\/p>\t\t\t\t\t\t\t\t<\/div>\n\t\t\t\t<\/div>\n\t\t<div class=\"elementor-element elementor-element-f82b9b6 e-con-full e-flex e-con e-child\" data-id=\"f82b9b6\" data-element_type=\"container\" data-settings=\"{&quot;background_background&quot;:&quot;classic&quot;}\">\n\t\t\t\t<div class=\"elementor-element elementor-element-d03206c elementor-widget elementor-widget-heading\" data-id=\"d03206c\" data-element_type=\"widget\" data-widget_type=\"heading.default\">\n\t\t\t\t\t<h4 class=\"elementor-heading-title elementor-size-default\"><strong>PROCEDURA CYWILNA a SPRAWY KREDYT\u00d3W POWI\u0104ZANYCH Z WALUT\u0104 OBC\u0104<\/strong>\n<\/h4>\t\t\t\t<\/div>\n\t\t\t\t<div class=\"elementor-element elementor-element-1fbb8f5 elementor-widget elementor-widget-text-editor\" data-id=\"1fbb8f5\" data-element_type=\"widget\" data-widget_type=\"text-editor.default\">\n\t\t\t\t\t\t\t\t\t<p>Panelistki:<br \/><strong>adw. Joanna W\u0119drychowska<\/strong><br \/><strong>adw. Anna Dombska, dr<br \/><\/strong>godzina: 13:30-15:00<\/p>\t\t\t\t\t\t\t\t<\/div>\n\t\t\t\t<\/div>\n\t\t<div class=\"elementor-element elementor-element-b2a1bbe e-con-full e-flex e-con e-child\" data-id=\"b2a1bbe\" data-element_type=\"container\" data-settings=\"{&quot;background_background&quot;:&quot;classic&quot;}\">\n\t\t\t\t<div class=\"elementor-element elementor-element-1462259 elementor-widget elementor-widget-heading\" data-id=\"1462259\" data-element_type=\"widget\" data-widget_type=\"heading.default\">\n\t\t\t\t\t<h4 class=\"elementor-heading-title elementor-size-default\"><strong>WP\u0141YW obecnych przepis\u00f3w KPC na mno\u017cenie\npost\u0119powa\u0144 w sprawach gospodarczych\n<\/strong>\n<\/h4>\t\t\t\t<\/div>\n\t\t\t\t<div class=\"elementor-element elementor-element-48a0ec9 elementor-widget elementor-widget-text-editor\" data-id=\"48a0ec9\" data-element_type=\"widget\" data-widget_type=\"text-editor.default\">\n\t\t\t\t\t\t\t\t\t<p>Go\u015bcini:<br \/><strong>adw. Jadwiga P\u0142a\u017cek \u2013 \u017bywicka<\/strong><br \/>Prowadz\u0105ca:<br \/><strong>adw. Agata Rewerska<br \/><\/strong>godzina: 15:30-16:45<\/p>\t\t\t\t\t\t\t\t<\/div>\n\t\t\t\t<\/div>\n\t\t\t\t<\/div>\n\t\t\t\t<div class=\"elementor-element elementor-element-5ebec3a elementor-widget elementor-widget-heading\" data-id=\"5ebec3a\" data-element_type=\"widget\" data-widget_type=\"heading.default\">\n\t\t\t\t\t<h4 class=\"elementor-heading-title elementor-size-default\">WTOREK<br \/>\n21 pa\u017adziernika 2025<\/h4>\t\t\t\t<\/div>\n\t\t<div class=\"elementor-element elementor-element-d6357d1 e-grid e-con-full e-con e-child\" data-id=\"d6357d1\" data-element_type=\"container\">\n\t\t<div class=\"elementor-element elementor-element-937cbd1 e-con-full e-flex e-con e-child\" data-id=\"937cbd1\" data-element_type=\"container\" data-settings=\"{&quot;background_background&quot;:&quot;classic&quot;}\">\n\t\t\t\t<div class=\"elementor-element elementor-element-5562d67 elementor-widget elementor-widget-heading\" data-id=\"5562d67\" data-element_type=\"widget\" data-widget_type=\"heading.default\">\n\t\t\t\t\t<h4 class=\"elementor-heading-title elementor-size-default\"><strong>\u201eG\u0141\u00d3WNE GRZECHY PROCEDURY KARNEJ\u201d\n\u2013 zmiany i kierunki rozwoju KPK<\/strong><br \/>\n[rzecz o kontradyktoryjno\u015bci i in dubio pro reo]\n<\/h4>\t\t\t\t<\/div>\n\t\t\t\t<div class=\"elementor-element elementor-element-51ab547 elementor-widget elementor-widget-text-editor\" data-id=\"51ab547\" data-element_type=\"widget\" data-widget_type=\"text-editor.default\">\n\t\t\t\t\t\t\t\t\t<p>Go\u015bcinie i Go\u015bcie:<br \/><strong>adw. Hanna Gajewska \u2013 Kraczkowska, dr<br \/>SSO Igor Tuleya<br \/>adw. Robert Zaw\u0142ocki, dr hab.,<\/strong><br \/><strong>Prof. UAM [Cz\u0142onek Komisji Kodyfikacyjnej Prawa Karnego]<br \/><\/strong>Prowadz\u0105ca:<br \/><strong>adw. Agata Rewerska<\/strong><br \/>godzina: 9:00-11:00<\/p>\t\t\t\t\t\t\t\t<\/div>\n\t\t\t\t<\/div>\n\t\t<div class=\"elementor-element elementor-element-3f7b4f5 e-con-full e-flex e-con e-child\" data-id=\"3f7b4f5\" data-element_type=\"container\" data-settings=\"{&quot;background_background&quot;:&quot;classic&quot;}\">\n\t\t\t\t<div class=\"elementor-element elementor-element-30923af elementor-widget elementor-widget-heading\" data-id=\"30923af\" data-element_type=\"widget\" data-widget_type=\"heading.default\">\n\t\t\t\t\t<h4 class=\"elementor-heading-title elementor-size-default\"><strong>POST\u0118POWANIE Z DOWODAMI RZECZOWYMI W \nPROCEDURZE KARNEJ\n<\/strong>\n<\/h4>\t\t\t\t<\/div>\n\t\t\t\t<div class=\"elementor-element elementor-element-5f71ba4 elementor-widget elementor-widget-text-editor\" data-id=\"5f71ba4\" data-element_type=\"widget\" data-widget_type=\"text-editor.default\">\n\t\t\t\t\t\t\t\t\t<p>Go\u015bcinie i Go\u015bcie:<br \/><strong>prok. Ma\u0142gorzata Komsta<\/strong><br \/><strong>asesor prok. Damian Jaworski<br \/><\/strong>Prowadz\u0105cy:<br \/><strong>r.pr. Bart\u0142omiej Leszczy\u0144ski<\/strong><br \/>godzina: 11:15-12:45<\/p>\t\t\t\t\t\t\t\t<\/div>\n\t\t\t\t<\/div>\n\t\t<div class=\"elementor-element elementor-element-b0cf98b e-con-full e-flex e-con e-child\" data-id=\"b0cf98b\" data-element_type=\"container\" data-settings=\"{&quot;background_background&quot;:&quot;classic&quot;}\">\n\t\t\t\t<div class=\"elementor-element elementor-element-6d61189 elementor-widget elementor-widget-heading\" data-id=\"6d61189\" data-element_type=\"widget\" data-widget_type=\"heading.default\">\n\t\t\t\t\t<h4 class=\"elementor-heading-title elementor-size-default\"><strong>KONCYLIACJA a UPRAWNIENIA S\u0104DU W PROCESIE\n<\/strong>\n<\/h4>\t\t\t\t<\/div>\n\t\t\t\t<div class=\"elementor-element elementor-element-942e707 elementor-widget elementor-widget-text-editor\" data-id=\"942e707\" data-element_type=\"widget\" data-widget_type=\"text-editor.default\">\n\t\t\t\t\t\t\t\t\t<p>Prowadz\u0105cy:<br \/><strong>SSO Rafa\u0142 Wagner<\/strong><br \/>Go\u015b\u0107:<br \/><strong>SSR Piotr Cha\u0144ko<\/strong><br \/>Go\u015bcini:<br \/><strong>adw. Agata Rewerska<br \/><\/strong>godzina: 13:00-14:30<\/p>\t\t\t\t\t\t\t\t<\/div>\n\t\t\t\t<\/div>\n\t\t\t\t<\/div>\n\t\t\t\t<div class=\"elementor-element elementor-element-7ac7d74 elementor-widget elementor-widget-heading\" data-id=\"7ac7d74\" data-element_type=\"widget\" data-widget_type=\"heading.default\">\n\t\t\t\t\t<h4 class=\"elementor-heading-title elementor-size-default\">\u015aRODA<br \/>\n22 pa\u017adziernika 2025<\/h4>\t\t\t\t<\/div>\n\t\t<div class=\"elementor-element elementor-element-10e3135 e-grid e-con-full e-con e-child\" data-id=\"10e3135\" data-element_type=\"container\">\n\t\t<div class=\"elementor-element elementor-element-50e4dd4 e-con-full e-flex e-con e-child\" data-id=\"50e4dd4\" data-element_type=\"container\" data-settings=\"{&quot;background_background&quot;:&quot;classic&quot;}\">\n\t\t\t\t<div class=\"elementor-element elementor-element-d42e03d elementor-widget elementor-widget-heading\" data-id=\"d42e03d\" data-element_type=\"widget\" data-widget_type=\"heading.default\">\n\t\t\t\t\t<h4 class=\"elementor-heading-title elementor-size-default\"><strong>Braki formalne pism procesowych w post\u0119powaniu cywilnym<\/strong><\/h4>\t\t\t\t<\/div>\n\t\t\t\t<div class=\"elementor-element elementor-element-2b3cd4a elementor-widget elementor-widget-text-editor\" data-id=\"2b3cd4a\" data-element_type=\"widget\" data-widget_type=\"text-editor.default\">\n\t\t\t\t\t\t\t\t\t<p>Prowadz\u0105cy:<strong><br \/>ref. Dariusz Kluczkowski<br \/><\/strong>godzina: 9:00-9:30<\/p>\t\t\t\t\t\t\t\t<\/div>\n\t\t\t\t<\/div>\n\t\t<div class=\"elementor-element elementor-element-5ef8b62 e-con-full e-flex e-con e-child\" data-id=\"5ef8b62\" data-element_type=\"container\" data-settings=\"{&quot;background_background&quot;:&quot;classic&quot;}\">\n\t\t\t\t<div class=\"elementor-element elementor-element-a194c7b elementor-widget elementor-widget-heading\" data-id=\"a194c7b\" data-element_type=\"widget\" data-widget_type=\"heading.default\">\n\t\t\t\t\t<h4 class=\"elementor-heading-title elementor-size-default\"><strong>Rozszerzenie kompetencji referendarzy s\u0105dowych<\/strong><\/h4>\t\t\t\t<\/div>\n\t\t\t\t<div class=\"elementor-element elementor-element-1a3d9bc elementor-widget elementor-widget-text-editor\" data-id=\"1a3d9bc\" data-element_type=\"widget\" data-widget_type=\"text-editor.default\">\n\t\t\t\t\t\t\t\t\t<p>Prowadz\u0105cy:<strong><br \/>dr Miko\u0142aj Iwa\u0144ski, UJ<br \/>ref. Micha\u0142 Pietrycki<br \/><\/strong>godzina: 9:30-10:00<\/p>\t\t\t\t\t\t\t\t<\/div>\n\t\t\t\t<\/div>\n\t\t<div class=\"elementor-element elementor-element-37b95cf e-con-full e-flex e-con e-child\" data-id=\"37b95cf\" data-element_type=\"container\" data-settings=\"{&quot;background_background&quot;:&quot;classic&quot;}\">\n\t\t\t\t<div class=\"elementor-element elementor-element-67c69ee elementor-widget elementor-widget-heading\" data-id=\"67c69ee\" data-element_type=\"widget\" data-widget_type=\"heading.default\">\n\t\t\t\t\t<h4 class=\"elementor-heading-title elementor-size-default\"><strong>REGU\u0141Y ZARZ\u0104DZANIA PROCESEM<\/strong><br \/>\n\u2013 zarz\u0105dzanie spraw\u0105 cywiln\u0105\n[perspektywa ro\u017cnych stron sali]\n<\/h4>\t\t\t\t<\/div>\n\t\t\t\t<div class=\"elementor-element elementor-element-c0702f2 elementor-widget elementor-widget-text-editor\" data-id=\"c0702f2\" data-element_type=\"widget\" data-widget_type=\"text-editor.default\">\n\t\t\t\t\t\t\t\t\t<p>Prowadz\u0105ca:<br \/><strong>adw. Agata Rewerska<\/strong><br \/>Go\u015b\u0107:<br \/><strong>SSR Piotr Cha\u0144ko<br \/><\/strong>godzina: 10:30-12:00<\/p>\t\t\t\t\t\t\t\t<\/div>\n\t\t\t\t<\/div>\n\t\t<div class=\"elementor-element elementor-element-afb7daa e-con-full e-flex e-con e-child\" data-id=\"afb7daa\" data-element_type=\"container\" data-settings=\"{&quot;background_background&quot;:&quot;classic&quot;}\">\n\t\t\t\t<div class=\"elementor-element elementor-element-543b054 elementor-widget elementor-widget-heading\" data-id=\"543b054\" data-element_type=\"widget\" data-widget_type=\"heading.default\">\n\t\t\t\t\t<h4 class=\"elementor-heading-title elementor-size-default\"><strong>R\u00d3WNO\u015a\u0106 NA SZCZYTACH W\u0141ADZY<\/strong><br \/>\n\u2013 mi\u0119dzy deklaracj\u0105 a wykonaniem\n<\/h4>\t\t\t\t<\/div>\n\t\t\t\t<div class=\"elementor-element elementor-element-f28c781 elementor-widget elementor-widget-text-editor\" data-id=\"f28c781\" data-element_type=\"widget\" data-widget_type=\"text-editor.default\">\n\t\t\t\t\t\t\t\t\t<p>Prowadz\u0105ca:<br \/><strong>Julita Mazurkiewicz<\/strong><br \/>Go\u015bcinie i Go\u015bcie:<br \/><strong>r.pr. Marzena Draganiak<\/strong><br \/><strong>adw. Wioletta Ka\u0142oska<\/strong><br \/><strong>Ireneusz Niezna\u0144ski<br \/><\/strong>godzina: 12:30-13:45<\/p>\t\t\t\t\t\t\t\t<\/div>\n\t\t\t\t<\/div>\n\t\t<div class=\"elementor-element elementor-element-34ca502 e-con-full e-flex e-con e-child\" data-id=\"34ca502\" data-element_type=\"container\" data-settings=\"{&quot;background_background&quot;:&quot;classic&quot;}\">\n\t\t\t\t<div class=\"elementor-element elementor-element-321ba9d elementor-widget elementor-widget-heading\" data-id=\"321ba9d\" data-element_type=\"widget\" data-widget_type=\"heading.default\">\n\t\t\t\t\t<h4 class=\"elementor-heading-title elementor-size-default\"><strong>DOR\u0118CZENIA KOMORNICZE<\/strong><br \/>\n\u2013 wzmocnienie gwarancji procesowych czy narz\u0119dzie \nunikania odpowiedzialno\u015bci\n[postulaty de lege ferenda]\n<\/h4>\t\t\t\t<\/div>\n\t\t\t\t<div class=\"elementor-element elementor-element-ec841cf elementor-widget elementor-widget-text-editor\" data-id=\"ec841cf\" data-element_type=\"widget\" data-widget_type=\"text-editor.default\">\n\t\t\t\t\t\t\t\t\t<p>Prowadz\u0105ca:<br \/><strong>kom. Ewa Zuzanna Chmielnicka<\/strong><br \/>Go\u015bcinie i Go\u015bcie:<br \/><strong>dr hab. Joanna Studzi\u0144ska, prof. ALK<br \/>r. pr. Aleksandra S\u0142oniec &#8211; Misiak<\/strong><br \/><strong>adw. Tomasz Mielke<\/strong><br \/><strong>kom.s. Przemys\u0142aw Ma\u0142ecki<br \/><\/strong>godzina: 14:00-15:15<\/p>\t\t\t\t\t\t\t\t<\/div>\n\t\t\t\t<\/div>\n\t\t<div class=\"elementor-element elementor-element-20e99e1 e-con-full e-flex e-con e-child\" data-id=\"20e99e1\" data-element_type=\"container\" data-settings=\"{&quot;background_background&quot;:&quot;classic&quot;}\">\n\t\t\t\t<div class=\"elementor-element elementor-element-7bacb3d elementor-widget elementor-widget-heading\" data-id=\"7bacb3d\" data-element_type=\"widget\" data-widget_type=\"heading.default\">\n\t\t\t\t\t<h4 class=\"elementor-heading-title elementor-size-default\"><strong>PODZIA\u0141 MAJ\u0104TKU WSP\u00d3LNEGO KONKUBENT\u00d3W<\/strong><\/h4>\t\t\t\t<\/div>\n\t\t\t\t<div class=\"elementor-element elementor-element-bc5d2dc elementor-widget elementor-widget-text-editor\" data-id=\"bc5d2dc\" data-element_type=\"widget\" data-widget_type=\"text-editor.default\">\n\t\t\t\t\t\t\t\t\t<p>Prowadz\u0105cy:<br \/><strong>adw. Bart\u0142omiej Tr\u0119towski<\/strong><strong><br \/><\/strong>godzina: 15:30-16:15<\/p>\t\t\t\t\t\t\t\t<\/div>\n\t\t\t\t<\/div>\n\t\t<div class=\"elementor-element elementor-element-a827a12 e-con-full e-flex e-con e-child\" data-id=\"a827a12\" data-element_type=\"container\" data-settings=\"{&quot;background_background&quot;:&quot;classic&quot;}\">\n\t\t\t\t<div class=\"elementor-element elementor-element-2f4af6f elementor-widget elementor-widget-heading\" data-id=\"2f4af6f\" data-element_type=\"widget\" data-widget_type=\"heading.default\">\n\t\t\t\t\t<h4 class=\"elementor-heading-title elementor-size-default\"><strong>USTALENIE STOSUNKU PRACY przez PIP<\/strong><br \/>\nw czasie kontroli \u2013 planowana nowela KP i UoIP\n\n<\/h4>\t\t\t\t<\/div>\n\t\t\t\t<div class=\"elementor-element elementor-element-1529478 elementor-widget elementor-widget-text-editor\" data-id=\"1529478\" data-element_type=\"widget\" data-widget_type=\"text-editor.default\">\n\t\t\t\t\t\t\t\t\t<p>Go\u015b\u0107:<br \/><strong>adw. Micha\u0142 Matuszak, dr<\/strong><br \/>Prowadz\u0105ca:<br \/><strong>adw. Agata Rewerska<br \/><\/strong>godzina: 16:30-17:15<\/p>\t\t\t\t\t\t\t\t<\/div>\n\t\t\t\t<\/div>\n\t\t<div class=\"elementor-element elementor-element-d43c9c8 e-con-full e-flex e-con e-child\" data-id=\"d43c9c8\" data-element_type=\"container\" data-settings=\"{&quot;background_background&quot;:&quot;classic&quot;}\">\n\t\t\t\t<div class=\"elementor-element elementor-element-68c755c elementor-widget elementor-widget-heading\" data-id=\"68c755c\" data-element_type=\"widget\" data-widget_type=\"heading.default\">\n\t\t\t\t\t<h4 class=\"elementor-heading-title elementor-size-default\"><strong>ROZLICZENIE BEZPODSTAWNEGO WZBOGACENIA<\/strong><br \/>\nw warunkach niewa\u017cno\u015bci um\u00f3w powi\u0105zanych z\nwalut\u0105 obc\u0105\n\n<\/h4>\t\t\t\t<\/div>\n\t\t\t\t<div class=\"elementor-element elementor-element-5c3434e elementor-widget elementor-widget-text-editor\" data-id=\"5c3434e\" data-element_type=\"widget\" data-widget_type=\"text-editor.default\">\n\t\t\t\t\t\t\t\t\t<p>Prowadz\u0105cy:<br \/><strong>adw. Piotr Giero\u0144<\/strong><br \/>Go\u015b\u0107:<br \/><strong>adw. Maciej Zwierzchowski<br \/><\/strong>godzina: 17:30-18:15<\/p>\t\t\t\t\t\t\t\t<\/div>\n\t\t\t\t<\/div>\n\t\t\t\t<\/div>\n\t\t\t\t<div class=\"elementor-element elementor-element-d6fedba elementor-widget elementor-widget-heading\" data-id=\"d6fedba\" data-element_type=\"widget\" data-widget_type=\"heading.default\">\n\t\t\t\t\t<h4 class=\"elementor-heading-title elementor-size-default\">CZWARTEK<br \/>\n23 pa\u017adziernika<\/h4>\t\t\t\t<\/div>\n\t\t<div class=\"elementor-element elementor-element-90e6678 e-grid e-con-full e-con e-child\" data-id=\"90e6678\" data-element_type=\"container\">\n\t\t<div class=\"elementor-element elementor-element-5e7a978 e-con-full e-flex e-con e-child\" data-id=\"5e7a978\" data-element_type=\"container\" data-settings=\"{&quot;background_background&quot;:&quot;classic&quot;}\">\n\t\t\t\t<div class=\"elementor-element elementor-element-0ac28c3 elementor-widget elementor-widget-heading\" data-id=\"0ac28c3\" data-element_type=\"widget\" data-widget_type=\"heading.default\">\n\t\t\t\t\t<h4 class=\"elementor-heading-title elementor-size-default\"><strong>Model post\u0119powania antyprzemocowego<\/strong> - od Konwencji Stambulskiej<\/h4>\t\t\t\t<\/div>\n\t\t\t\t<div class=\"elementor-element elementor-element-6f585b2 elementor-widget elementor-widget-text-editor\" data-id=\"6f585b2\" data-element_type=\"widget\" data-widget_type=\"text-editor.default\">\n\t\t\t\t\t\t\t\t\t<p>Prowadz\u0105ce:<br \/><strong>adw. Danuta Wawrowska<\/strong><br \/><strong>adw. Patrycja Kasica<br \/><\/strong>godzina: 9:00-10:00<\/p>\t\t\t\t\t\t\t\t<\/div>\n\t\t\t\t<\/div>\n\t\t<div class=\"elementor-element elementor-element-9ffb760 e-con-full e-flex e-con e-child\" data-id=\"9ffb760\" data-element_type=\"container\" data-settings=\"{&quot;background_background&quot;:&quot;classic&quot;}\">\n\t\t\t\t<div class=\"elementor-element elementor-element-3c908ce elementor-widget elementor-widget-heading\" data-id=\"3c908ce\" data-element_type=\"widget\" data-widget_type=\"heading.default\">\n\t\t\t\t\t<h4 class=\"elementor-heading-title elementor-size-default\"><strong>PRAWO AUTORSKIE w MODZIE i SZTUCE<\/strong><\/h4>\t\t\t\t<\/div>\n\t\t\t\t<div class=\"elementor-element elementor-element-e4f8448 elementor-widget elementor-widget-text-editor\" data-id=\"e4f8448\" data-element_type=\"widget\" data-widget_type=\"text-editor.default\">\n\t\t\t\t\t\t\t\t\t<p>Prowadz\u0105ca:<br \/><strong>r.pr. Katarzyna Krauss<br \/><\/strong>Go\u015bcinie: <br \/><strong>Aleksandra Markowska<\/strong><br \/><strong>dr Kamila Tuszy\u0144ska<\/strong><br \/>godzina: 10:30-11:45<\/p>\t\t\t\t\t\t\t\t<\/div>\n\t\t\t\t<\/div>\n\t\t<div class=\"elementor-element elementor-element-4ac4039 e-con-full e-flex e-con e-child\" data-id=\"4ac4039\" data-element_type=\"container\" data-settings=\"{&quot;background_background&quot;:&quot;classic&quot;}\">\n\t\t\t\t<div class=\"elementor-element elementor-element-34c7a3f elementor-widget elementor-widget-heading\" data-id=\"34c7a3f\" data-element_type=\"widget\" data-widget_type=\"heading.default\">\n\t\t\t\t\t<h4 class=\"elementor-heading-title elementor-size-default\"><strong>WYPALENIE ZAWODOWE<\/strong><br \/>\n\u2013 jak unikn\u0105\u0107 zawodowej zadyszki<br \/><span style=\"color:#000\"><strong>\nwarsztat<\/strong><\/span>\n<\/strong>\n<\/h4>\t\t\t\t<\/div>\n\t\t\t\t<div class=\"elementor-element elementor-element-b69e120 elementor-widget elementor-widget-text-editor\" data-id=\"b69e120\" data-element_type=\"widget\" data-widget_type=\"text-editor.default\">\n\t\t\t\t\t\t\t\t\t<p>Prowadz\u0105ca:<br \/><strong>r.pr. Agata Wi\u015bniewska, psycholo\u017cka<br \/><\/strong>godzina: 12:00-13:30<\/p>\t\t\t\t\t\t\t\t<\/div>\n\t\t\t\t<\/div>\n\t\t<div class=\"elementor-element elementor-element-c473505 e-con-full e-flex e-con e-child\" data-id=\"c473505\" data-element_type=\"container\" data-settings=\"{&quot;background_background&quot;:&quot;classic&quot;}\">\n\t\t\t\t<div class=\"elementor-element elementor-element-00ceb5a elementor-widget elementor-widget-heading\" data-id=\"00ceb5a\" data-element_type=\"widget\" data-widget_type=\"heading.default\">\n\t\t\t\t\t<h4 class=\"elementor-heading-title elementor-size-default\"><strong>Prawnik w social mediach<\/strong><br \/>\n\u2013 jak budowa\u0107 swoj\u0105 mark\u0119 osobist\u0105?<br \/><span style=\"color:#000\"><strong>\nwarsztat<\/strong><\/span>\n<\/strong>\n<\/h4>\t\t\t\t<\/div>\n\t\t\t\t<div class=\"elementor-element elementor-element-052b105 elementor-widget elementor-widget-text-editor\" data-id=\"052b105\" data-element_type=\"widget\" data-widget_type=\"text-editor.default\">\n\t\t\t\t\t\t\t\t\t<p>Prowadz\u0105ca:<br \/><strong>adw. Paula Czaplarska<\/strong><br \/>godzina: 14:00-15:30\u00a0<\/p>\t\t\t\t\t\t\t\t<\/div>\n\t\t\t\t<\/div>\n\t\t<div class=\"elementor-element elementor-element-2d96c70 e-con-full e-flex e-con e-child\" data-id=\"2d96c70\" data-element_type=\"container\" data-settings=\"{&quot;background_background&quot;:&quot;classic&quot;}\">\n\t\t\t\t<div class=\"elementor-element elementor-element-3b98f83 elementor-widget elementor-widget-heading\" data-id=\"3b98f83\" data-element_type=\"widget\" data-widget_type=\"heading.default\">\n\t\t\t\t\t<h4 class=\"elementor-heading-title elementor-size-default\"><strong>Jak nie pope\u0142ni\u0107 b\u0142\u0119du niezrozumienia...<br \/>\n<span style=\"color:#000\">warsztat legal English<\/span><\/strong> <span style=\"color:#000\">\u2013 warsztat cz\u0119\u015bciowo w j\u0119zyku angielskim<\/span>\n<\/h4>\t\t\t\t<\/div>\n\t\t\t\t<div class=\"elementor-element elementor-element-8d91601 elementor-widget elementor-widget-text-editor\" data-id=\"8d91601\" data-element_type=\"widget\" data-widget_type=\"text-editor.default\">\n\t\t\t\t\t\t\t\t\t<p>Prowadz\u0105cy:<br \/><strong>Patryk Topliz<br \/><\/strong>godzina: 15:45-16:45<\/p>\t\t\t\t\t\t\t\t<\/div>\n\t\t\t\t<\/div>\n\t\t<div class=\"elementor-element elementor-element-df4783d e-con-full e-flex e-con e-child\" data-id=\"df4783d\" data-element_type=\"container\" data-settings=\"{&quot;background_background&quot;:&quot;classic&quot;}\">\n\t\t\t\t<div class=\"elementor-element elementor-element-045fe78 elementor-widget elementor-widget-heading\" data-id=\"045fe78\" data-element_type=\"widget\" data-widget_type=\"heading.default\">\n\t\t\t\t\t<h4 class=\"elementor-heading-title elementor-size-default\"><strong>Jak si\u0119 nie da\u0107 ?<\/strong><br \/>\n[rzecz o wypaleniu zawodowym i \u015brodowisku prawniczym]<br \/><span style=\"color:#000\"><strong>\nwarsztat<\/strong><\/span>\n<\/strong>\n<\/h4>\t\t\t\t<\/div>\n\t\t\t\t<div class=\"elementor-element elementor-element-2fa023e elementor-widget elementor-widget-text-editor\" data-id=\"2fa023e\" data-element_type=\"widget\" data-widget_type=\"text-editor.default\">\n\t\t\t\t\t\t\t\t\t<p>Prowadz\u0105ca:<br \/><strong>adw. Agata Rewerska<\/strong><br \/>Go\u015b\u0107:<br \/><strong>SSO Igor Tuleya<br \/><\/strong>godzina: 17:00-18:00<\/p>\t\t\t\t\t\t\t\t<\/div>\n\t\t\t\t<\/div>\n\t\t\t\t<\/div>\n\t\t\t\t<div class=\"elementor-element elementor-element-1349b04 elementor-widget elementor-widget-heading\" data-id=\"1349b04\" data-element_type=\"widget\" data-widget_type=\"heading.default\">\n\t\t\t\t\t<h4 class=\"elementor-heading-title elementor-size-default\">PI\u0104TEK<br \/>\n24 pa\u017adziernika 2025\n<\/h4>\t\t\t\t<\/div>\n\t\t<div class=\"elementor-element elementor-element-dd9937e e-grid e-con-full e-con e-child\" data-id=\"dd9937e\" data-element_type=\"container\">\n\t\t<div class=\"elementor-element elementor-element-d52b9e7 e-con-full e-flex e-con e-child\" data-id=\"d52b9e7\" data-element_type=\"container\" data-settings=\"{&quot;background_background&quot;:&quot;classic&quot;}\">\n\t\t\t\t<div class=\"elementor-element elementor-element-e1af5f2 elementor-widget elementor-widget-heading\" data-id=\"e1af5f2\" data-element_type=\"widget\" data-widget_type=\"heading.default\">\n\t\t\t\t\t<h4 class=\"elementor-heading-title elementor-size-default\"><strong>ZARZ\u0104DZANIE SPORAMI INFRASTRUKTURALNYMI<\/strong><\/h4>\t\t\t\t<\/div>\n\t\t\t\t<div class=\"elementor-element elementor-element-caea83a elementor-widget elementor-widget-text-editor\" data-id=\"caea83a\" data-element_type=\"widget\" data-widget_type=\"text-editor.default\">\n\t\t\t\t\t\t\t\t\t<p>Go\u015bcini:<br \/><strong>Luiza Modzelewska<\/strong><br \/><strong>radczyni, Wiceprezeska Prokuratorii Generalnej RP<\/strong><br \/>Prowadz\u0105ca:<br \/><strong>adw. Agata Rewerska<br \/><\/strong>godzina: 10:30-12:00<\/p>\t\t\t\t\t\t\t\t<\/div>\n\t\t\t\t<\/div>\n\t\t<div class=\"elementor-element elementor-element-4b89fc5 e-con-full e-flex e-con e-child\" data-id=\"4b89fc5\" data-element_type=\"container\" data-settings=\"{&quot;background_background&quot;:&quot;classic&quot;}\">\n\t\t\t\t<div class=\"elementor-element elementor-element-2201c05 elementor-widget elementor-widget-heading\" data-id=\"2201c05\" data-element_type=\"widget\" data-widget_type=\"heading.default\">\n\t\t\t\t\t<h4 class=\"elementor-heading-title elementor-size-default\"><strong>RYNEK SZTUKI<\/strong><br \/>\u2013 problemy i wyzwania prawne\n<\/h4>\t\t\t\t<\/div>\n\t\t\t\t<div class=\"elementor-element elementor-element-20313d1 elementor-widget elementor-widget-text-editor\" data-id=\"20313d1\" data-element_type=\"widget\" data-widget_type=\"text-editor.default\">\n\t\t\t\t\t\t\t\t\t<p>Prowadz\u0105ca:<br \/><strong>dr Aleksandra Auleytner<br \/><\/strong>Go\u015bcini i Go\u015bcie:<br \/><strong>Hanna Wr\u00f3blewska<\/strong><br \/><strong>Justyna Szylman <\/strong><br \/><strong>dr Micha\u0142 Przychoda<\/strong><br \/><strong>Tadeusz Pi\u0105tek<br \/><\/strong>godzina: 12:15-13:45<\/p>\t\t\t\t\t\t\t\t<\/div>\n\t\t\t\t<\/div>\n\t\t<div class=\"elementor-element elementor-element-50e8db7 e-con-full e-flex e-con e-child\" data-id=\"50e8db7\" data-element_type=\"container\" data-settings=\"{&quot;background_background&quot;:&quot;classic&quot;}\">\n\t\t\t\t<div class=\"elementor-element elementor-element-84b27ba elementor-widget elementor-widget-heading\" data-id=\"84b27ba\" data-element_type=\"widget\" data-widget_type=\"heading.default\">\n\t\t\t\t\t<h4 class=\"elementor-heading-title elementor-size-default\"><strong>Art. 128<sup>1<\/sup> KPC \u2013 uwagi natury praktycznej<\/strong>\n<\/h4>\t\t\t\t<\/div>\n\t\t\t\t<div class=\"elementor-element elementor-element-703a5d3 elementor-widget elementor-widget-text-editor\" data-id=\"703a5d3\" data-element_type=\"widget\" data-widget_type=\"text-editor.default\">\n\t\t\t\t\t\t\t\t\t<p>Prowadz\u0105ca:<br \/><strong>adw. Agata Rewerska<\/strong><br \/>Go\u015bcini i Go\u015b\u0107:<br \/><strong>r.pr. Krzysztof Kowalczyk, Partner BSJP-bnt<br \/><span class=\"html-span xdj266r x14z9mp xat24cr x1lziwak xexx8yu xyri2b x18d9i69 x1c1uobl x1hl2dhg x16tdsg8 x1vvkbs x4k7w5x x1h91t0o x1h9r5lt x1jfb8zj xv2umb2 x1beo9mf xaigb6o x12ejxvf x3igimt xarpa2k xedcshv x1lytzrv x1t2pt76 x7ja8zs x1qrby5j\"><span class=\"x193iq5w xeuugli x13faqbe x1vvkbs x1xmvt09 x1lliihq x1s928wv xhkezso x1gmr53x x1cpjm7i x1fgarty x1943h6x xudqn12 x3x7a5m x6prxxf xvq8zen xo1l8bm xzsf02u\" dir=\"auto\">r.pr. Katarzyna \u015awie\u017cy\u0144ska radczyni PGRP<\/span><\/span><br \/><\/strong>godzina: 14:00-15:30\u00a0<\/p>\t\t\t\t\t\t\t\t<\/div>\n\t\t\t\t<\/div>\n\t\t<div class=\"elementor-element elementor-element-3621737 e-con-full e-flex e-con e-child\" data-id=\"3621737\" data-element_type=\"container\" data-settings=\"{&quot;background_background&quot;:&quot;classic&quot;}\">\n\t\t\t\t<div class=\"elementor-element elementor-element-399d713 elementor-widget elementor-widget-heading\" data-id=\"399d713\" data-element_type=\"widget\" data-widget_type=\"heading.default\">\n\t\t\t\t\t<h4 class=\"elementor-heading-title elementor-size-default\"><strong>DOW\u00d3D z OPINII BIEG\u0141EGO<\/strong><br \/>\n[uwagi o charakterze systemowym i postulaty de lege ferenda]<\/h4>\t\t\t\t<\/div>\n\t\t\t\t<div class=\"elementor-element elementor-element-cdc87d5 elementor-widget elementor-widget-text-editor\" data-id=\"cdc87d5\" data-element_type=\"widget\" data-widget_type=\"text-editor.default\">\n\t\t\t\t\t\t\t\t\t<p>Prowadz\u0105ca:<br \/><strong>adw. Agata Rewerska<\/strong><br \/>Go\u015b\u0107:<br \/><strong>SSR Zbigniew Miczek<br \/><\/strong>godzina: 15:45-17:00<\/p>\t\t\t\t\t\t\t\t<\/div>\n\t\t\t\t<\/div>\n\t\t<div class=\"elementor-element elementor-element-17e9f3e e-con-full e-flex e-con e-child\" data-id=\"17e9f3e\" data-element_type=\"container\" data-settings=\"{&quot;background_background&quot;:&quot;classic&quot;}\">\n\t\t\t\t<div class=\"elementor-element elementor-element-ef9b69d elementor-widget elementor-widget-heading\" data-id=\"ef9b69d\" data-element_type=\"widget\" data-widget_type=\"heading.default\">\n\t\t\t\t\t<h4 class=\"elementor-heading-title elementor-size-default\"><strong><span style=\"color:#000\">Panel inauguruj\u0105cy<\/span><br \/>RZECZ o PRAWIE<\/strong>\n<\/h4>\t\t\t\t<\/div>\n\t\t\t\t<div class=\"elementor-element elementor-element-c829bbe elementor-widget elementor-widget-text-editor\" data-id=\"c829bbe\" data-element_type=\"widget\" data-widget_type=\"text-editor.default\">\n\t\t\t\t\t\t\t\t\t<p>Wprowadzenie:<br \/><strong>adw. Agata Rewerska<\/strong><br \/><strong>adw. J\u00f3zef Palinka<br \/><\/strong>godzina: 17:00-18:00<\/p>\t\t\t\t\t\t\t\t<\/div>\n\t\t\t\t<div class=\"elementor-element elementor-element-ae17ed0 elementor-widget elementor-widget-heading\" data-id=\"ae17ed0\" data-element_type=\"widget\" data-widget_type=\"heading.default\">\n\t\t\t\t\t<h4 class=\"elementor-heading-title elementor-size-default\"><strong><span style=\"color:#000\">TEMAT:<\/span><br \/>Art. 458<sup>13<\/sup> KPC i art. 754<sup>1<\/sup> KPC<\/strong> - pu\u0142apki post\u0119powa\u0144  zabezpieczaj\u0105cych\n<\/h4>\t\t\t\t<\/div>\n\t\t\t\t<div class=\"elementor-element elementor-element-079b94b elementor-widget elementor-widget-text-editor\" data-id=\"079b94b\" data-element_type=\"widget\" data-widget_type=\"text-editor.default\">\n\t\t\t\t\t\t\t\t\t<p>Prowadz\u0105cy:<br \/><strong>adw. Jacek Stok\u0142osa<br \/><\/strong>Go\u015bcini i Go\u015bcie:<br \/><strong>Anna Przyby\u0142a<\/strong><br \/><strong>adw. Tomasz Jamr\u00f3z<\/strong><\/p><p>Panel wy\u0142\u0105cznie w trybie stacjonarnym.<br \/><strong>Po panelu zapraszamy na bankiet inauguracyjny<\/strong><\/p>\t\t\t\t\t\t\t\t<\/div>\n\t\t\t\t<\/div>\n\t\t\t\t<\/div>\n\t\t\t\t<div class=\"elementor-element elementor-element-becc1de elementor-widget elementor-widget-heading\" data-id=\"becc1de\" data-element_type=\"widget\" data-widget_type=\"heading.default\">\n\t\t\t\t\t<h4 class=\"elementor-heading-title elementor-size-default\">SOBOTA<br \/>\n25 pa\u017adziernika 2025\n<\/h4>\t\t\t\t<\/div>\n\t\t<div class=\"elementor-element elementor-element-135680c e-grid e-con-full e-con e-child\" data-id=\"135680c\" data-element_type=\"container\">\n\t\t<div class=\"elementor-element elementor-element-23ef628 e-con-full e-flex e-con e-child\" data-id=\"23ef628\" data-element_type=\"container\" data-settings=\"{&quot;background_background&quot;:&quot;classic&quot;}\">\n\t\t\t\t<div class=\"elementor-element elementor-element-9f192b0 elementor-widget elementor-widget-heading\" data-id=\"9f192b0\" data-element_type=\"widget\" data-widget_type=\"heading.default\">\n\t\t\t\t\t<h4 class=\"elementor-heading-title elementor-size-default\"><strong>III CZP 39\/23<\/strong> [uchwa\u0142a sk\u0142adu 7 s\u0119dzi\u00f3w SN z 14.V.2025]<br \/>\u2013 <strong>czy my si\u0119 na to godzimy?<\/strong><br \/>[rzecz o skardze kasacyjnej jako I.szym pi\u015bmie w sprawie]<\/h4>\t\t\t\t<\/div>\n\t\t\t\t<div class=\"elementor-element elementor-element-505ba92 elementor-widget elementor-widget-text-editor\" data-id=\"505ba92\" data-element_type=\"widget\" data-widget_type=\"text-editor.default\">\n\t\t\t\t\t\t\t\t\t<p>Prowadz\u0105ca:<br \/>dr Monika Cichorska<br \/>Go\u015b\u0107:<br \/><strong>dr Bartosz Trocha<br \/><\/strong>godzina: 10:30-11:15<\/p>\t\t\t\t\t\t\t\t<\/div>\n\t\t\t\t<\/div>\n\t\t<div class=\"elementor-element elementor-element-3836eb7 e-con-full e-flex e-con e-child\" data-id=\"3836eb7\" data-element_type=\"container\" data-settings=\"{&quot;background_background&quot;:&quot;classic&quot;}\">\n\t\t\t\t<div class=\"elementor-element elementor-element-b02c915 elementor-widget elementor-widget-heading\" data-id=\"b02c915\" data-element_type=\"widget\" data-widget_type=\"heading.default\">\n\t\t\t\t\t<h4 class=\"elementor-heading-title elementor-size-default\"><strong>WYS\u0141UCHANIE DZIECKA\n<\/strong>\n<\/h4>\t\t\t\t<\/div>\n\t\t\t\t<div class=\"elementor-element elementor-element-3985d5e elementor-widget elementor-widget-text-editor\" data-id=\"3985d5e\" data-element_type=\"widget\" data-widget_type=\"text-editor.default\">\n\t\t\t\t\t\t\t\t\t<p>Go\u015bcinie i Go\u015bcie:<strong><br \/>adw. Monika Horna-Cie\u015blak &#8211; Rzeczniczka Praw Dziecka<\/strong><br \/><strong>adw. Aleksandra Wejdelek-Bziuk<\/strong><br \/>Prowadz\u0105ca:<br \/><strong>adw. Agata Rewerska<br \/><\/strong>godzina: 12:00-13:30<\/p>\t\t\t\t\t\t\t\t<\/div>\n\t\t\t\t<\/div>\n\t\t<div class=\"elementor-element elementor-element-91f2797 e-con-full e-flex e-con e-child\" data-id=\"91f2797\" data-element_type=\"container\" data-settings=\"{&quot;background_background&quot;:&quot;classic&quot;}\">\n\t\t\t\t<div class=\"elementor-element elementor-element-f6a9f25 elementor-widget elementor-widget-heading\" data-id=\"f6a9f25\" data-element_type=\"widget\" data-widget_type=\"heading.default\">\n\t\t\t\t\t<h4 class=\"elementor-heading-title elementor-size-default\"><strong>UMOWA o DZIE\u0141O a UMOWA ZLECENIA \u2013 fakty i mity<br \/> \n<span style=\"color:#000\">wyk\u0142ad<\/span>\n<\/strong>\n<\/h4>\t\t\t\t<\/div>\n\t\t\t\t<div class=\"elementor-element elementor-element-548bbe6 elementor-widget elementor-widget-text-editor\" data-id=\"548bbe6\" data-element_type=\"widget\" data-widget_type=\"text-editor.default\">\n\t\t\t\t\t\t\t\t\t<p>Prowadz\u0105ca:<br \/><strong>adw. Agata Rewerska<\/strong><br \/>godzina: 13:40-14:20<\/p>\t\t\t\t\t\t\t\t<\/div>\n\t\t\t\t<\/div>\n\t\t<div class=\"elementor-element elementor-element-5b304e8 e-con-full e-flex e-con e-child\" data-id=\"5b304e8\" data-element_type=\"container\" data-settings=\"{&quot;background_background&quot;:&quot;classic&quot;}\">\n\t\t\t\t<div class=\"elementor-element elementor-element-1afaec5 elementor-widget elementor-widget-heading\" data-id=\"1afaec5\" data-element_type=\"widget\" data-widget_type=\"heading.default\">\n\t\t\t\t\t<h4 class=\"elementor-heading-title elementor-size-default\"><strong>ZMIANY w KPC<\/strong><br \/>wprowadzone ustaw\u0105 z 5 sierpnia 2025 - DZ.U. z 2025, poz. 1172<br \/><strong><span style=\"color:#000\">wyk\u0142ad<\/span><\/strong><\/h4>\t\t\t\t<\/div>\n\t\t\t\t<div class=\"elementor-element elementor-element-7fa9fb4 elementor-widget elementor-widget-text-editor\" data-id=\"7fa9fb4\" data-element_type=\"widget\" data-widget_type=\"text-editor.default\">\n\t\t\t\t\t\t\t\t\t<p>Prowadz\u0105cy:<br \/><strong>dr hab. Marcin Dziurda, prof. UW<br \/>[Cz\u0142onek Komisji Kodyfikacyjnej Prawa Cywilnego]<br \/><\/strong>godzina: 14:30-16:00<\/p>\t\t\t\t\t\t\t\t<\/div>\n\t\t\t\t<\/div>\n\t\t<div class=\"elementor-element elementor-element-4336715 e-con-full e-flex e-con e-child\" data-id=\"4336715\" data-element_type=\"container\" data-settings=\"{&quot;background_background&quot;:&quot;classic&quot;}\">\n\t\t\t\t<div class=\"elementor-element elementor-element-a746b06 elementor-widget elementor-widget-heading\" data-id=\"a746b06\" data-element_type=\"widget\" data-widget_type=\"heading.default\">\n\t\t\t\t\t<h4 class=\"elementor-heading-title elementor-size-default\"><strong>ZABEZPIECZENIE z art. 777 \u00a7 1 pkt. 4 i 5 KPC<\/strong><br \/>\u2013 klauzula i problemy z egzekucj\u0105<\/h4>\t\t\t\t<\/div>\n\t\t\t\t<div class=\"elementor-element elementor-element-b229005 elementor-widget elementor-widget-text-editor\" data-id=\"b229005\" data-element_type=\"widget\" data-widget_type=\"text-editor.default\">\n\t\t\t\t\t\t\t\t\t<p>Go\u015bcinie:<strong><br \/>not. Katarzyna Nowak<br \/>r.pr. El\u017cbieta Jaceczko<br \/><\/strong>Prowadz\u0105ca:<br \/><strong>adw. Agata Rewerska<br \/><\/strong>godzina: 16:00-17:15<\/p>\t\t\t\t\t\t\t\t<\/div>\n\t\t\t\t<\/div>\n\t\t\t\t<\/div>\n\t\t\t\t\t<\/div>\n\t\t\t\t<\/div>\n\t\t<div class=\"elementor-element elementor-element-b6fbe95 elementor-hidden-desktop elementor-hidden-tablet elementor-hidden-mobile e-flex e-con-boxed elementor-invisible e-con e-parent\" data-id=\"b6fbe95\" data-element_type=\"container\" id=\"pakiety\" data-settings=\"{&quot;animation&quot;:&quot;slideInUp&quot;,&quot;background_background&quot;:&quot;classic&quot;}\">\n\t\t\t\t\t<div class=\"e-con-inner\">\n\t\t\t\t<div class=\"elementor-element elementor-element-439968c elementor-widget elementor-widget-heading\" data-id=\"439968c\" data-element_type=\"widget\" data-widget_type=\"heading.default\">\n\t\t\t\t\t<h2 class=\"elementor-heading-title elementor-size-default\">Rodzaje pakiet\u00f3w <\/h2>\t\t\t\t<\/div>\n\t\t<div class=\"elementor-element elementor-element-8dbb6db e-con-full e-grid e-con e-child\" data-id=\"8dbb6db\" data-element_type=\"container\">\n\t\t\t\t<div class=\"elementor-element elementor-element-375ccfc elementor-widget elementor-widget-elementskit-pricing\" data-id=\"375ccfc\" data-element_type=\"widget\" data-widget_type=\"elementskit-pricing.default\">\n\t\t\t\t<div class=\"elementor-widget-container\">\n\t\t\t\t\t<div class=\"ekit-wid-con\" >\n\n        <div class=\"elementskit-single-pricing \" >\n            <div class=\"elementskit-pricing-header \">\n\t\t\t\t\t\t\t\t\n\t\t\t\t                \t<h3\t\t\t\t\tclass=\" elementskit-pricing-title\">&lt;span class=&quot;pakiet-tytul&quot;&gt;PAKIET INDYWIDUALNY&lt;\/span&gt;&lt;br\/&gt;dla UCZESTNICZEK i UCZESTNIK\u00d3W KONGRESU\t\t\t\t\t<\/h3>\n\t\t\t\t\t\t\t\t            <\/div>\n\t\t\t            <div class=\" elementskit-pricing-price-wraper has-tag \">\n                <div class=\"elementskit-pricing-tag\"><\/div>\n                <span class=\"elementskit-pricing-price\">\n\t\t\t\t\t\t\t\t\t\t<span>749<\/span>\n\t\t\t\t\t\t\t\t\t\t\t<sup class=\"currency\">PLN<\/sup>\n\t\t\t\t\t\n\t\t\t\t\t\t\t\t\t\t<sub class=\"period\">+ 23% VAT<\/sub>\n\t\t\t\t\t\t\t\t\t<\/span>\n            <\/div>\n\t\t\t            <div class=\"elementskit-pricing-content \">\n\n                                    <p> op\u0142ata indywidualna<br \/>obejmuje udzia\u0142 w Kongresie w formie zdalnej lub stacjonarnej<\/p>\n                                            <\/div>\n            <div class=\"elementskit-pricing-btn-wraper \">\n\t\t\t\t<a href=\"https:\/\/sklep.adexemplum.com\/pl\/p\/Pakiet-Indywidualny\/281\" target=\"_blank\" class=\"elementskit-pricing-btn  ekit-pricing-btn-icon-pos-left\" >\n\t\t\t\t\tWybierz pakiet\t\t\t\t<\/a>\n            <\/div>\n        <\/div>\n\n    <\/div>\t\t\t\t<\/div>\n\t\t\t\t<\/div>\n\t\t\t\t<div class=\"elementor-element elementor-element-416b171 elementor-widget elementor-widget-elementskit-pricing\" data-id=\"416b171\" data-element_type=\"widget\" data-widget_type=\"elementskit-pricing.default\">\n\t\t\t\t<div class=\"elementor-widget-container\">\n\t\t\t\t\t<div class=\"ekit-wid-con\" >\n\n        <div class=\"elementskit-single-pricing \" >\n            <div class=\"elementskit-pricing-header \">\n\t\t\t\t\t\t\t\t\n\t\t\t\t                \t<h3\t\t\t\t\tclass=\" elementskit-pricing-title\">&lt;span class=&quot;pakiet-tytul&quot;&gt;PAKIET KANCELARYJNY&lt;\/span&gt;\t\t\t\t\t<\/h3>\n\t\t\t\t\t\t\t\t            <\/div>\n\t\t\t            <div class=\" elementskit-pricing-price-wraper has-tag \">\n                <div class=\"elementskit-pricing-tag\"><\/div>\n                <span class=\"elementskit-pricing-price\">\n\t\t\t\t\t\t\t\t\t\t<span>1800<\/span>\n\t\t\t\t\t\t\t\t\t\t\t<sup class=\"currency\">PLN<\/sup>\n\t\t\t\t\t\n\t\t\t\t\t\t\t\t\t\t<sub class=\"period\">+ 23% VAT<\/sub>\n\t\t\t\t\t\t\t\t\t<\/span>\n            <\/div>\n\t\t\t            <div class=\"elementskit-pricing-content \">\n\n                                    <p> op\u0142ata zespo\u0142owa<br \/>\nobejmuje udzia\u0142 w Kongresie w formie zdalnej lub stacjonarnej 3 os\u00f3b wskazanych przez Kancelari\u0119 \n<\/p>\n                                            <\/div>\n            <div class=\"elementskit-pricing-btn-wraper \">\n\t\t\t\t<a href=\"https:\/\/sklep.adexemplum.com\/pl\/p\/Pakiet-Kancelaryjny\/282\" target=\"_blank\" class=\"elementskit-pricing-btn  ekit-pricing-btn-icon-pos-left\" >\n\t\t\t\t\tWybierz pakiet\t\t\t\t<\/a>\n            <\/div>\n        <\/div>\n\n    <\/div>\t\t\t\t<\/div>\n\t\t\t\t<\/div>\n\t\t\t\t<\/div>\n\t\t<div class=\"elementor-element elementor-element-c56b510 e-con-full e-grid e-con e-child\" data-id=\"c56b510\" data-element_type=\"container\">\n\t\t\t\t<div class=\"elementor-element elementor-element-cd51a5f elementor-widget elementor-widget-elementskit-pricing\" data-id=\"cd51a5f\" data-element_type=\"widget\" data-widget_type=\"elementskit-pricing.default\">\n\t\t\t\t<div class=\"elementor-widget-container\">\n\t\t\t\t\t<div class=\"ekit-wid-con\" >\n\n        <div class=\"elementskit-single-pricing \" >\n            <div class=\"elementskit-pricing-header \">\n\t\t\t\t\t\t\t\t\n\t\t\t\t                \t<h3\t\t\t\t\tclass=\" elementskit-pricing-title\">&lt;span class=&quot;pakiet-tytul&quot;&gt;PAKIET ALUMNI&lt;\/span&gt;&lt;br\/&gt; dla Absolwentek i Absolwent\u00f3w Szko\u0142y Prawa Procesowego Ad Exemplum [du\u017ce kursy] [Club Ad Exemplum]\t\t\t\t\t<\/h3>\n\t\t\t\t\t\t\t\t            <\/div>\n\t\t\t            <div class=\" elementskit-pricing-price-wraper has-tag \">\n                <div class=\"elementskit-pricing-tag\"><\/div>\n                <span class=\"elementskit-pricing-price\">\n\t\t\t\t\t\t\t\t\t\t<span>649<\/span>\n\t\t\t\t\t\t\t\t\t\t\t<sup class=\"currency\">PLN<\/sup>\n\t\t\t\t\t\n\t\t\t\t\t\t\t\t\t\t<sub class=\"period\">+ 23% VAT<\/sub>\n\t\t\t\t\t\t\t\t\t<\/span>\n            <\/div>\n\t\t\t            <div class=\"elementskit-pricing-content \">\n\n                                    <p> op\u0142ata indywidualna<br \/>obejmuje udzia\u0142 w Kongresie w formie zdalnej lub stacjonarnej<\/p>\n                                            <\/div>\n            <div class=\"elementskit-pricing-btn-wraper \">\n\t\t\t\t<a href=\"https:\/\/sklep.adexemplum.com\/pl\/p\/Pakiet-Alumni\/284\" target=\"_blank\" class=\"elementskit-pricing-btn  ekit-pricing-btn-icon-pos-left\" >\n\t\t\t\t\tWybierz pakiet\t\t\t\t<\/a>\n            <\/div>\n        <\/div>\n\n    <\/div>\t\t\t\t<\/div>\n\t\t\t\t<\/div>\n\t\t\t\t<div class=\"elementor-element elementor-element-7ac6614 elementor-widget elementor-widget-elementskit-pricing\" data-id=\"7ac6614\" data-element_type=\"widget\" data-widget_type=\"elementskit-pricing.default\">\n\t\t\t\t<div class=\"elementor-widget-container\">\n\t\t\t\t\t<div class=\"ekit-wid-con\" >\n\n        <div class=\"elementskit-single-pricing \" >\n            <div class=\"elementskit-pricing-header \">\n\t\t\t\t\t\t\t\t\n\t\t\t\t                \t<h3\t\t\t\t\tclass=\" elementskit-pricing-title\">&lt;span class=&quot;pakiet-tytul&quot;&gt;PAKIET KLUBOWY&lt;\/span&gt;&lt;br\/&gt; dla Cz\u0142onki\u0144 i Cz\u0142onk\u00f3w Clubu Iudicium Ars Est Szko\u0142y Prawa Procesowego Ad Exemplum [Club Ad Exemplum Premium]\t\t\t\t\t<\/h3>\n\t\t\t\t\t\t\t\t            <\/div>\n\t\t\t            <div class=\" elementskit-pricing-price-wraper has-tag \">\n                <div class=\"elementskit-pricing-tag\"><\/div>\n                <span class=\"elementskit-pricing-price\">\n\t\t\t\t\t\t\t\t\t\t<span>449<\/span>\n\t\t\t\t\t\t\t\t\t\t\t<sup class=\"currency\">PLN<\/sup>\n\t\t\t\t\t\n\t\t\t\t\t\t\t\t\t\t<sub class=\"period\">+ 23% VAT<\/sub>\n\t\t\t\t\t\t\t\t\t<\/span>\n            <\/div>\n\t\t\t            <div class=\"elementskit-pricing-content \">\n\n                                    <p> op\u0142ata indywidualna<br \/>obejmuje udzia\u0142 w Kongresie w formie zdalnej lub stacjonarnej oraz udzia\u0142 w bankiecie inauguracyjnym\n<\/p>\n                                            <\/div>\n            <div class=\"elementskit-pricing-btn-wraper \">\n\t\t\t\t<a href=\"https:\/\/sklep.adexemplum.com\/pl\/p\/Pakiet-Klubowy\/285\" target=\"_blank\" class=\"elementskit-pricing-btn  ekit-pricing-btn-icon-pos-left\" >\n\t\t\t\t\tWybierz pakiet\t\t\t\t<\/a>\n            <\/div>\n        <\/div>\n\n    <\/div>\t\t\t\t<\/div>\n\t\t\t\t<\/div>\n\t\t\t\t<div class=\"elementor-element elementor-element-4d59fe9 elementor-widget elementor-widget-elementskit-pricing\" data-id=\"4d59fe9\" data-element_type=\"widget\" data-widget_type=\"elementskit-pricing.default\">\n\t\t\t\t<div class=\"elementor-widget-container\">\n\t\t\t\t\t<div class=\"ekit-wid-con\" >\n\n        <div class=\"elementskit-single-pricing \" >\n            <div class=\"elementskit-pricing-header \">\n\t\t\t\t\t\t\t\t\n\t\t\t\t                \t<h3\t\t\t\t\tclass=\" elementskit-pricing-title\">&lt;span class=&quot;pakiet-tytul&quot;&gt;PAKIET dla APLIKANTEK&lt;br\/&gt;i APLIKANT\u00d3W&lt;\/span&gt;\t\t\t\t\t<\/h3>\n\t\t\t\t\t\t\t\t            <\/div>\n\t\t\t            <div class=\" elementskit-pricing-price-wraper has-tag \">\n                <div class=\"elementskit-pricing-tag\"><\/div>\n                <span class=\"elementskit-pricing-price\">\n\t\t\t\t\t\t\t\t\t\t<span>449<\/span>\n\t\t\t\t\t\t\t\t\t\t\t<sup class=\"currency\">PLN<\/sup>\n\t\t\t\t\t\n\t\t\t\t\t\t\t\t\t\t<sub class=\"period\">+ 23% VAT<\/sub>\n\t\t\t\t\t\t\t\t\t<\/span>\n            <\/div>\n\t\t\t            <div class=\"elementskit-pricing-content \">\n\n                                    <p> op\u0142ata indywidualna<br \/>obejmuje udzia\u0142 w Kongresie w formie zdalnej lub stacjonarnej<\/p>\n                                            <\/div>\n            <div class=\"elementskit-pricing-btn-wraper \">\n\t\t\t\t<a href=\"https:\/\/sklep.adexemplum.com\/pl\/p\/Pakiet-Aplikancki\/286\" target=\"_blank\" class=\"elementskit-pricing-btn  ekit-pricing-btn-icon-pos-left\" >\n\t\t\t\t\tWybierz pakiet\t\t\t\t<\/a>\n            <\/div>\n        <\/div>\n\n    <\/div>\t\t\t\t<\/div>\n\t\t\t\t<\/div>\n\t\t\t\t<div class=\"elementor-element elementor-element-35310ab elementor-widget elementor-widget-elementskit-pricing\" data-id=\"35310ab\" data-element_type=\"widget\" data-widget_type=\"elementskit-pricing.default\">\n\t\t\t\t<div class=\"elementor-widget-container\">\n\t\t\t\t\t<div class=\"ekit-wid-con\" >\n\n        <div class=\"elementskit-single-pricing \" >\n            <div class=\"elementskit-pricing-header \">\n\t\t\t\t\t\t\t\t\n\t\t\t\t                \t<h3\t\t\t\t\tclass=\" elementskit-pricing-title\">&lt;span class=&quot;pakiet-tytul&quot;&gt;PAKIET PREMIUM dla APLIKANTEK i APLIKANT\u00d3W&lt;\/span&gt;\t\t\t\t\t<\/h3>\n\t\t\t\t\t\t\t\t            <\/div>\n\t\t\t            <div class=\" elementskit-pricing-price-wraper has-tag \">\n                <div class=\"elementskit-pricing-tag\"><\/div>\n                <span class=\"elementskit-pricing-price\">\n\t\t\t\t\t\t\t\t\t\t<span>649<\/span>\n\t\t\t\t\t\t\t\t\t\t\t<sup class=\"currency\">PLN<\/sup>\n\t\t\t\t\t\n\t\t\t\t\t\t\t\t\t\t<sub class=\"period\">+ 23% VAT<\/sub>\n\t\t\t\t\t\t\t\t\t<\/span>\n            <\/div>\n\t\t\t            <div class=\"elementskit-pricing-content \">\n\n                                    <p> op\u0142ata indywidualna<br \/>obejmuje udzia\u0142 w Kongresie w formie zdalnej lub stacjonarnej oraz\nudzia\u0142 w bankiecie inauguracyjnym\n<\/p>\n                                            <\/div>\n            <div class=\"elementskit-pricing-btn-wraper \">\n\t\t\t\t<a href=\"https:\/\/sklep.adexemplum.com\/pl\/p\/Pakiet-Aplikancki-PREMIUM\/289\" target=\"_blank\" class=\"elementskit-pricing-btn  ekit-pricing-btn-icon-pos-left\" >\n\t\t\t\t\tWybierz pakiet\t\t\t\t<\/a>\n            <\/div>\n        <\/div>\n\n    <\/div>\t\t\t\t<\/div>\n\t\t\t\t<\/div>\n\t\t\t\t<div class=\"elementor-element elementor-element-04189a7 elementor-widget elementor-widget-elementskit-pricing\" data-id=\"04189a7\" data-element_type=\"widget\" data-widget_type=\"elementskit-pricing.default\">\n\t\t\t\t<div class=\"elementor-widget-container\">\n\t\t\t\t\t<div class=\"ekit-wid-con\" >\n\n        <div class=\"elementskit-single-pricing \" >\n            <div class=\"elementskit-pricing-header \">\n\t\t\t\t\t\t\t\t\n\t\t\t\t                \t<h3\t\t\t\t\tclass=\" elementskit-pricing-title\">&lt;span class=&quot;pakiet-tytul&quot;&gt;PAKIET dla Studentek&lt;br\/&gt;i Student\u00f3w&lt;\/span&gt;\t\t\t\t\t<\/h3>\n\t\t\t\t\t\t\t\t            <\/div>\n\t\t\t            <div class=\" elementskit-pricing-price-wraper has-tag \">\n                <div class=\"elementskit-pricing-tag\"><\/div>\n                <span class=\"elementskit-pricing-price\">\n\t\t\t\t\t\t\t\t\t\t<span>399<\/span>\n\t\t\t\t\t\t\t\t\t\t\t<sup class=\"currency\">PLN<\/sup>\n\t\t\t\t\t\n\t\t\t\t\t\t\t\t\t\t<sub class=\"period\">+ 23% VAT<\/sub>\n\t\t\t\t\t\t\t\t\t<\/span>\n            <\/div>\n\t\t\t            <div class=\"elementskit-pricing-content \">\n\n                                    <p> op\u0142ata indywidualna<br \/>obejmuje udzia\u0142 w Kongresie w formie zdalnej lub stacjonarnej<\/p>\n                                            <\/div>\n            <div class=\"elementskit-pricing-btn-wraper \">\n\t\t\t\t<a href=\"https:\/\/sklep.adexemplum.com\/pl\/p\/Pakiet-Studencki\/287\" target=\"_blank\" class=\"elementskit-pricing-btn  ekit-pricing-btn-icon-pos-left\" >\n\t\t\t\t\tWybierz pakiet\t\t\t\t<\/a>\n            <\/div>\n        <\/div>\n\n    <\/div>\t\t\t\t<\/div>\n\t\t\t\t<\/div>\n\t\t\t\t<div class=\"elementor-element elementor-element-148abf9 elementor-widget elementor-widget-elementskit-pricing\" data-id=\"148abf9\" data-element_type=\"widget\" data-widget_type=\"elementskit-pricing.default\">\n\t\t\t\t<div class=\"elementor-widget-container\">\n\t\t\t\t\t<div class=\"ekit-wid-con\" >\n\n        <div class=\"elementskit-single-pricing \" >\n            <div class=\"elementskit-pricing-header \">\n\t\t\t\t\t\t\t\t\n\t\t\t\t                \t<h3\t\t\t\t\tclass=\" elementskit-pricing-title\">&lt;span class=&quot;pakiet-tytul&quot;&gt;PAKIET PREMIUM dla Studentek&lt;br\/&gt;i Student\u00f3w&lt;\/span&gt;\t\t\t\t\t<\/h3>\n\t\t\t\t\t\t\t\t            <\/div>\n\t\t\t            <div class=\" elementskit-pricing-price-wraper has-tag \">\n                <div class=\"elementskit-pricing-tag\"><\/div>\n                <span class=\"elementskit-pricing-price\">\n\t\t\t\t\t\t\t\t\t\t<span>649<\/span>\n\t\t\t\t\t\t\t\t\t\t\t<sup class=\"currency\">PLN<\/sup>\n\t\t\t\t\t\n\t\t\t\t\t\t\t\t\t\t<sub class=\"period\">+ 23% VAT<\/sub>\n\t\t\t\t\t\t\t\t\t<\/span>\n            <\/div>\n\t\t\t            <div class=\"elementskit-pricing-content \">\n\n                                    <p> op\u0142ata indywidualna<br \/>obejmuje udzia\u0142 w Kongresie w formie zdalnej lub stacjonarnej oraz\nudzia\u0142 w bankiecie inauguracyjnym\n<\/p>\n                                            <\/div>\n            <div class=\"elementskit-pricing-btn-wraper \">\n\t\t\t\t<a href=\"https:\/\/sklep.adexemplum.com\/pl\/p\/Pakiet-Studencki-PREMIUM\/288\" target=\"_blank\" class=\"elementskit-pricing-btn  ekit-pricing-btn-icon-pos-left\" >\n\t\t\t\t\tWybierz pakiet\t\t\t\t<\/a>\n            <\/div>\n        <\/div>\n\n    <\/div>\t\t\t\t<\/div>\n\t\t\t\t<\/div>\n\t\t\t\t<\/div>\n\t\t<div class=\"elementor-element elementor-element-e484a41 e-con-full e-grid e-con e-child\" data-id=\"e484a41\" data-element_type=\"container\">\n\t\t\t\t<div class=\"elementor-element elementor-element-64d7815 elementor-widget elementor-widget-elementskit-pricing\" data-id=\"64d7815\" data-element_type=\"widget\" data-widget_type=\"elementskit-pricing.default\">\n\t\t\t\t<div class=\"elementor-widget-container\">\n\t\t\t\t\t<div class=\"ekit-wid-con\" >\n\n        <div class=\"elementskit-single-pricing \" >\n            <div class=\"elementskit-pricing-header \">\n\t\t\t\t\t\t\t\t\n\t\t\t\t                \t<h3\t\t\t\t\tclass=\" elementskit-pricing-title\">&lt;span class=&quot;pakiet-tytul&quot;&gt;PAKIET PATRONACKI&lt;\/span&gt;\t\t\t\t\t<\/h3>\n\t\t\t\t\t\t\t\t            <\/div>\n\t\t\t            <div class=\" elementskit-pricing-price-wraper has-tag \">\n                <div class=\"elementskit-pricing-tag\"><\/div>\n                <span class=\"elementskit-pricing-price\">\n\t\t\t\t\t\t\t\t\t\t<span>8000<\/span>\n\t\t\t\t\t\t\t\t\t\t\t<sup class=\"currency\">PLN<\/sup>\n\t\t\t\t\t\n\t\t\t\t\t\t\t\t\t\t<sub class=\"period\">+ 23% VAT<\/sub>\n\t\t\t\t\t\t\t\t\t<\/span>\n            <\/div>\n\t\t\t            <div class=\"elementskit-pricing-content \">\n\n                                    <p> Obejmuje:<br \/>\n\n- udzia\u0142 w Kongresie w formie zdalnej lub stacjonarnej os\u00f3b wskazanych przez Kancelari\u0119<br \/>\n- umieszczenie logo Kancelarii na materia\u0142ach promocyjnych Kongresu [dolna belka]<br \/>\n- udzia\u0142 3 os\u00f3b wskazanych przez Kancelari\u0119 w bankiecie inauguracyjnym<br \/>\n- mo\u017cliwo\u015b\u0107 poprowadzenia przez Kancelari\u0119 dedykowanego panelu<br \/>\n- nagranie panelu i umieszczenie logo Kancelarii na nagraniu z dedykowanego panelu [obok logo Organizator\u00f3w]<br \/>\n- utrzymanie nagrania z dedykowanego panelu na serwerach Szko\u0142y i upublicznianie go w trybie powszechnie dost\u0119pnym [bez pobierania op\u0142aty] przez okres 3 miesi\u0119cy<br \/>\n- mo\u017cliwo\u015b\u0107 udost\u0119pnienia Kancelarii nagrania z dedykowanego panelu z opcj\u0105 umieszczenia go na serwerach Kancelarii i upubliczniania go w trybie powszechnie dost\u0119pnym [bez pobierania op\u0142aty]. Nagranie b\u0119dzie udost\u0119pnione z logo Kongresu, tylko logo Szko\u0142y jako organizatora Kongresu<br \/>oraz z logo Kancelarii.<br \/>\n\n<\/p>\n                                            <\/div>\n            <div class=\"elementskit-pricing-btn-wraper \">\n\t\t\t\t<a href=\"https:\/\/sklep.adexemplum.com\/pl\/p\/Pakiet-Patronacki\/283\" target=\"_blank\" class=\"elementskit-pricing-btn  ekit-pricing-btn-icon-pos-left\" >\n\t\t\t\t\tWybierz pakiet\t\t\t\t<\/a>\n            <\/div>\n        <\/div>\n\n    <\/div>\t\t\t\t<\/div>\n\t\t\t\t<\/div>\n\t\t\t\t<\/div>\n\t\t\t\t\t<\/div>\n\t\t\t\t<\/div>\n\t\t<div class=\"elementor-element elementor-element-04fd78b e-flex e-con-boxed elementor-invisible e-con e-parent\" data-id=\"04fd78b\" data-element_type=\"container\" data-settings=\"{&quot;background_background&quot;:&quot;classic&quot;,&quot;animation&quot;:&quot;slideInUp&quot;}\">\n\t\t\t\t\t<div class=\"e-con-inner\">\n\t\t\t\t<div class=\"elementor-element elementor-element-7437689 elementor-widget elementor-widget-heading\" data-id=\"7437689\" data-element_type=\"widget\" data-widget_type=\"heading.default\">\n\t\t\t\t\t<h2 class=\"elementor-heading-title elementor-size-default\">Wsp\u00f3\u0142organizatorzy \/ Partnerzy<\/h2>\t\t\t\t<\/div>\n\t\t<div class=\"elementor-element elementor-element-5b8507e e-grid e-con-full e-con e-child\" data-id=\"5b8507e\" data-element_type=\"container\">\n\t\t\t\t<div class=\"elementor-element elementor-element-bbbad8e elementor-widget elementor-widget-image\" data-id=\"bbbad8e\" data-element_type=\"widget\" data-widget_type=\"image.default\">\n\t\t\t\t\t\t\t\t\t\t\t\t\t\t\t<img loading=\"lazy\" decoding=\"async\" width=\"500\" height=\"160\" src=\"https:\/\/kongres.adexemplum.com\/wp-content\/uploads\/2025\/10\/logo-law-book2.webp\" class=\"attachment-large size-large wp-image-469\" alt=\"\" srcset=\"https:\/\/kongres.adexemplum.com\/wp-content\/uploads\/2025\/10\/logo-law-book2.webp 500w, https:\/\/kongres.adexemplum.com\/wp-content\/uploads\/2025\/10\/logo-law-book2-300x96.webp 300w\" sizes=\"(max-width: 500px) 100vw, 500px\" \/>\t\t\t\t\t\t\t\t\t\t\t\t\t\t\t<\/div>\n\t\t\t\t<div class=\"elementor-element elementor-element-78c4cd5 elementor-widget elementor-widget-image\" data-id=\"78c4cd5\" data-element_type=\"widget\" data-widget_type=\"image.default\">\n\t\t\t\t\t\t\t\t\t\t\t\t\t\t\t<img loading=\"lazy\" decoding=\"async\" width=\"500\" height=\"160\" src=\"https:\/\/kongres.adexemplum.com\/wp-content\/uploads\/2025\/10\/logo-piotr-gieron.webp\" class=\"attachment-large size-large wp-image-470\" alt=\"\" srcset=\"https:\/\/kongres.adexemplum.com\/wp-content\/uploads\/2025\/10\/logo-piotr-gieron.webp 500w, https:\/\/kongres.adexemplum.com\/wp-content\/uploads\/2025\/10\/logo-piotr-gieron-300x96.webp 300w\" sizes=\"(max-width: 500px) 100vw, 500px\" \/>\t\t\t\t\t\t\t\t\t\t\t\t\t\t\t<\/div>\n\t\t\t\t<\/div>\n\t\t\t\t\t<\/div>\n\t\t\t\t<\/div>\n\t\t<div class=\"elementor-element elementor-element-e4c0f85 elementor-hidden-desktop elementor-hidden-tablet elementor-hidden-mobile e-flex e-con-boxed elementor-invisible e-con e-parent\" data-id=\"e4c0f85\" data-element_type=\"container\" id=\"materialy\" data-settings=\"{&quot;animation&quot;:&quot;slideInUp&quot;}\">\n\t\t\t\t\t<div class=\"e-con-inner\">\n\t\t<div class=\"elementor-element elementor-element-0aace18 e-con-full e-flex e-con e-child\" data-id=\"0aace18\" data-element_type=\"container\">\n\t\t\t\t<div class=\"elementor-element elementor-element-d20ea8f elementor-widget__width-initial elementor-widget-mobile__width-inherit elementor-widget elementor-widget-elementskit-heading\" data-id=\"d20ea8f\" data-element_type=\"widget\" data-widget_type=\"elementskit-heading.default\">\n\t\t\t\t\t<div class=\"ekit-wid-con\" ><div class=\"ekit-heading elementskit-section-title-wraper text_left   ekit_heading_tablet-   ekit_heading_mobile-\"><h2 class=\"ekit-heading--title elementskit-section-title \">Materia\u0142y <span><span>pokongresowe<\/span><\/span><\/h2>\t\t\t\t<div class='ekit-heading__description'>\n\t\t\t\t\t<p><span style=\"font-family: 'Cambria','serif'\">Uczestniczki i Uczestnicy Kongresu otrzymaj\u0105 dost\u0119p do materia\u0142\u00f3w podsumowuj\u0105cych poszczeg\u00f3lne wyst\u0105pienia, prezentacji oraz dodatkowych zasob\u00f3w udost\u0119pnionych przez prelegent\u00f3w.<\/span><\/p>\n<p><span style=\"font-family: 'Cambria','serif'\">Materia\u0142y b\u0119d\u0105 dost\u0119pne wy\u0142\u0105cznie dla os\u00f3b zarejestrowanych na wydarzenie \u2014 po zalogowaniu si\u0119 do dedykowanej platformy kursowej. Instrukcje dotycz\u0105ce logowania oraz terminu udost\u0119pnienia materia\u0142\u00f3w zostan\u0105 przes\u0142ane drog\u0105 mailow\u0105 po zako\u0144czeniu Zjazdu.<\/span><\/p>\n\t\t\t\t<\/div>\n\t\t\t<\/div><\/div>\t\t\t\t<\/div>\n\t\t\t\t<div class=\"elementor-element elementor-element-8f08376 elementor-align--mobilecenter elementor-align-left elementor-widget elementor-widget-elementskit-button\" data-id=\"8f08376\" data-element_type=\"widget\" data-widget_type=\"elementskit-button.default\">\n\t\t\t\t\t<div class=\"ekit-wid-con\" >\t\t<div class=\"ekit-btn-wraper\">\n\t\t\t\t\t\t\t<a href=\"#\" class=\"elementskit-btn  whitespace--normal\" id=\"\">\n\t\t\t\t\tZaloguj si\u0119 do platformy\t\t\t\t<\/a>\n\t\t\t\t\t<\/div>\n        <\/div>\t\t\t\t<\/div>\n\t\t\t\t<\/div>\n\t\t\t\t\t<\/div>\n\t\t\t\t<\/div>\n\t\t<div class=\"elementor-element elementor-element-986d2e1 e-flex e-con-boxed elementor-invisible e-con e-parent\" data-id=\"986d2e1\" data-element_type=\"container\" id=\"kontakt\" data-settings=\"{&quot;animation&quot;:&quot;slideInUp&quot;,&quot;background_background&quot;:&quot;gradient&quot;}\">\n\t\t\t\t\t<div class=\"e-con-inner\">\n\t\t\t\t<div class=\"elementor-element elementor-element-fcff0d1 elementor-widget elementor-widget-heading\" data-id=\"fcff0d1\" data-element_type=\"widget\" data-widget_type=\"heading.default\">\n\t\t\t\t\t<h2 class=\"elementor-heading-title elementor-size-default\">Kontakt<\/h2>\t\t\t\t<\/div>\n\t\t<div class=\"elementor-element elementor-element-5562aef e-con-full e-flex e-con e-child\" data-id=\"5562aef\" data-element_type=\"container\">\n\t\t<div class=\"elementor-element elementor-element-ceca7cd e-con-full e-flex e-con e-child\" data-id=\"ceca7cd\" data-element_type=\"container\">\n\t\t\t\t<div class=\"elementor-element elementor-element-a01d8e7 ekit-equal-height-disable elementor-invisible elementor-widget elementor-widget-elementskit-icon-box\" data-id=\"a01d8e7\" data-element_type=\"widget\" data-settings=\"{&quot;_animation&quot;:&quot;fadeInLeft&quot;}\" data-widget_type=\"elementskit-icon-box.default\">\n\t\t\t\t\t<div class=\"ekit-wid-con\" >        <!-- link opening -->\n                <!-- end link opening -->\n\n        <div class=\"elementskit-infobox text-center text- icon-top-align elementor-animation-   \">\n                    <div class=\"elementskit-box-header elementor-animation-\">\n                <div class=\"elementskit-info-box-icon  \">\n                    <i aria-hidden=\"true\" class=\"elementkit-infobox-icon icon icon-phone-handset\"><\/i>\n                <\/div>\n          <\/div>\n                        <div class=\"box-body\">\n                            <h3 class=\"elementskit-info-box-title\">\n                    Telefon                <\/h3>\n                        \t\t  \t<p><a href=\"tel:+48881717888\">+48 88 17 17 888<\/a><\/p>\n                                <\/div>\n        \n        \n                <\/div>\n        <\/div>\t\t\t\t<\/div>\n\t\t\t\t<div class=\"elementor-element elementor-element-43f7fcf elementor-widget elementor-widget-html\" data-id=\"43f7fcf\" data-element_type=\"widget\" data-widget_type=\"html.default\">\n\t\t\t\t\t<script>\ndocument.addEventListener('DOMContentLoaded', function () {\n  var root = document.querySelector('.sekcja-pakiety') || document;\n  root.querySelectorAll('.elementskit-pricing-title').forEach(function (el) {\n    var html = el.innerHTML;\n\n    \/\/ Zamiana &lt;br&gt; \u2192 <br>\n    html = html.replace(\/&amp;lt;br\\s*\\\/?&amp;gt;|&lt;br\\s*\\\/?&gt;\/gi, '<br>');\n\n    \/\/ Zamiana &lt;span ...&gt; \u2192 <span ...>\n    html = html.replace(\/&lt;span(\\s+[^&>]*?)?&gt;\/gi, function(_, attrs){\n      \/\/ pozwalamy tylko na class i style\n      var cls = '', sty = '';\n      if (attrs) {\n        var mClass = attrs.match(\/\\bclass=\"([^\"]*)\"\/i);\n        var mStyle = attrs.match(\/\\bstyle=\"([^\"]*)\"\/i);\n        if (mClass) cls = ' class=\"'+ mClass[1].replace(\/\"\/g,'&quot;') +'\"';\n        if (mStyle) sty = ' style=\"'+ mStyle[1].replace(\/\"\/g,'&quot;') +'\"';\n      }\n      return '<span'+cls+sty+'>';\n    });\n    html = html.replace(\/&lt;\\\/span&gt;\/gi, '<\/span>');\n\n    el.innerHTML = html;\n  });\n});\n<\/script>\n\t\t\t\t<\/div>\n\t\t\t\t<\/div>\n\t\t<div class=\"elementor-element elementor-element-3f81abd e-con-full e-flex e-con e-child\" data-id=\"3f81abd\" data-element_type=\"container\">\n\t\t\t\t<div class=\"elementor-element elementor-element-e26ef61 ekit-equal-height-disable elementor-invisible elementor-widget elementor-widget-elementskit-icon-box\" data-id=\"e26ef61\" data-element_type=\"widget\" data-settings=\"{&quot;_animation&quot;:&quot;fadeInLeft&quot;}\" data-widget_type=\"elementskit-icon-box.default\">\n\t\t\t\t\t<div class=\"ekit-wid-con\" >        <!-- link opening -->\n                <!-- end link opening -->\n\n        <div class=\"elementskit-infobox text-center text- icon-top-align elementor-animation-   \">\n                    <div class=\"elementskit-box-header elementor-animation-\">\n                <div class=\"elementskit-info-box-icon  \">\n                    <i aria-hidden=\"true\" class=\"elementkit-infobox-icon icon icon-envelope3\"><\/i>\n                <\/div>\n          <\/div>\n                        <div class=\"box-body\">\n                            <h3 class=\"elementskit-info-box-title\">\n                    Email                <\/h3>\n                        \t\t  \t<p><a href=\"mailto:kongres@adexemplum.com\">kongres@adexemplum.com<\/a><\/p>\n                                <\/div>\n        \n        \n                <\/div>\n        <\/div>\t\t\t\t<\/div>\n\t\t\t\t<\/div>\n\t\t\t\t<\/div>\n\t\t\t\t\t<\/div>\n\t\t\t\t<\/div>\n\t\t\t\t<\/div>\n\t\t","protected":false},"excerpt":{"rendered":"<p>Szko\u0142a Prawa ProcesowegoAd Exemplum I Og\u00f3lnopolski Kongres Prawa Procesowego 20-26.10.2025 KancelariaDoma\u0144ski Zakrzewski Palinka Panelistki i Paneli\u015bci Zg\u0142o\u015b temat Patron medialny Opis kongresu Szko\u0142a Prawa Procesowego Ad Exemplum wraz z kancelari\u0105 Doma\u0144ski Zakrzewski Palinka zapraszaj\u0105 naI Og\u00f3lnopolski Kongres Prawa Procesowego, kt\u00f3ry odb\u0119dzie si\u0119 20-26.X.2025 B\u0119dzie nam bardzo mi\u0142o go\u015bci\u0107 Pa\u0144stwa w toku naszych debat i dyskusji [&hellip;]<\/p>\n","protected":false},"author":1,"featured_media":10,"parent":0,"menu_order":0,"comment_status":"closed","ping_status":"closed","template":"elementor_header_footer","meta":{"footnotes":""},"class_list":["post-12","page","type-page","status-publish","has-post-thumbnail","hentry"],"blocksy_meta":[],"yoast_head":"<!-- This site is optimized with the Yoast SEO plugin v26.2 - https:\/\/yoast.com\/wordpress\/plugins\/seo\/ -->\n<title>Home - I Og\u00f3lnopolski Kongres Prawa Procesowego<\/title>\n<meta name=\"robots\" content=\"index, follow, max-snippet:-1, max-image-preview:large, max-video-preview:-1\" \/>\n<link rel=\"canonical\" href=\"https:\/\/kongres.adexemplum.com\/\" \/>\n<meta property=\"og:locale\" content=\"pl_PL\" \/>\n<meta property=\"og:type\" content=\"article\" \/>\n<meta property=\"og:title\" content=\"Home - I Og\u00f3lnopolski Kongres Prawa Procesowego\" \/>\n<meta property=\"og:description\" content=\"Szko\u0142a Prawa ProcesowegoAd Exemplum I Og\u00f3lnopolski Kongres Prawa Procesowego 20-26.10.2025 KancelariaDoma\u0144ski Zakrzewski Palinka Panelistki i Paneli\u015bci Zg\u0142o\u015b temat Patron medialny Opis kongresu Szko\u0142a Prawa Procesowego Ad Exemplum wraz z kancelari\u0105 Doma\u0144ski Zakrzewski Palinka zapraszaj\u0105 naI Og\u00f3lnopolski Kongres Prawa Procesowego, kt\u00f3ry odb\u0119dzie si\u0119 20-26.X.2025 B\u0119dzie nam bardzo mi\u0142o go\u015bci\u0107 Pa\u0144stwa w toku naszych debat i dyskusji [&hellip;]\" \/>\n<meta property=\"og:url\" content=\"https:\/\/kongres.adexemplum.com\/\" \/>\n<meta property=\"og:site_name\" content=\"I Og\u00f3lnopolski Kongres Prawa Procesowego\" \/>\n<meta property=\"article:modified_time\" content=\"2025-11-03T16:11:48+00:00\" \/>\n<meta property=\"og:image\" content=\"https:\/\/kongres.adexemplum.com\/wp-content\/uploads\/2025\/08\/logo.png\" \/>\n\t<meta property=\"og:image:width\" content=\"449\" \/>\n\t<meta property=\"og:image:height\" content=\"451\" \/>\n\t<meta property=\"og:image:type\" content=\"image\/png\" \/>\n<meta name=\"twitter:card\" content=\"summary_large_image\" \/>\n<meta name=\"twitter:label1\" content=\"Szacowany czas czytania\" \/>\n\t<meta name=\"twitter:data1\" content=\"3 minuty\" \/>\n<script type=\"application\/ld+json\" class=\"yoast-schema-graph\">{\"@context\":\"https:\/\/schema.org\",\"@graph\":[{\"@type\":\"WebPage\",\"@id\":\"https:\/\/kongres.adexemplum.com\/\",\"url\":\"https:\/\/kongres.adexemplum.com\/\",\"name\":\"Home - I Og\u00f3lnopolski Kongres Prawa Procesowego\",\"isPartOf\":{\"@id\":\"https:\/\/kongres.adexemplum.com\/#website\"},\"primaryImageOfPage\":{\"@id\":\"https:\/\/kongres.adexemplum.com\/#primaryimage\"},\"image\":{\"@id\":\"https:\/\/kongres.adexemplum.com\/#primaryimage\"},\"thumbnailUrl\":\"https:\/\/kongres.adexemplum.com\/wp-content\/uploads\/2025\/08\/logo.png\",\"datePublished\":\"2025-08-22T13:05:24+00:00\",\"dateModified\":\"2025-11-03T16:11:48+00:00\",\"breadcrumb\":{\"@id\":\"https:\/\/kongres.adexemplum.com\/#breadcrumb\"},\"inLanguage\":\"pl-PL\",\"potentialAction\":[{\"@type\":\"ReadAction\",\"target\":[\"https:\/\/kongres.adexemplum.com\/\"]}]},{\"@type\":\"ImageObject\",\"inLanguage\":\"pl-PL\",\"@id\":\"https:\/\/kongres.adexemplum.com\/#primaryimage\",\"url\":\"https:\/\/kongres.adexemplum.com\/wp-content\/uploads\/2025\/08\/logo.png\",\"contentUrl\":\"https:\/\/kongres.adexemplum.com\/wp-content\/uploads\/2025\/08\/logo.png\",\"width\":449,\"height\":451},{\"@type\":\"BreadcrumbList\",\"@id\":\"https:\/\/kongres.adexemplum.com\/#breadcrumb\",\"itemListElement\":[{\"@type\":\"ListItem\",\"position\":1,\"name\":\"Strona g\u0142\u00f3wna\",\"item\":\"https:\/\/kongres.adexemplum.com\/\"},{\"@type\":\"ListItem\",\"position\":2,\"name\":\"Home\"}]},{\"@type\":\"WebSite\",\"@id\":\"https:\/\/kongres.adexemplum.com\/#website\",\"url\":\"https:\/\/kongres.adexemplum.com\/\",\"name\":\"I Og\u00f3lnopolski Kongres Prawa Procesowego\",\"description\":\"\",\"publisher\":{\"@id\":\"https:\/\/kongres.adexemplum.com\/#organization\"},\"potentialAction\":[{\"@type\":\"SearchAction\",\"target\":{\"@type\":\"EntryPoint\",\"urlTemplate\":\"https:\/\/kongres.adexemplum.com\/?s={search_term_string}\"},\"query-input\":{\"@type\":\"PropertyValueSpecification\",\"valueRequired\":true,\"valueName\":\"search_term_string\"}}],\"inLanguage\":\"pl-PL\"},{\"@type\":\"Organization\",\"@id\":\"https:\/\/kongres.adexemplum.com\/#organization\",\"name\":\"I Og\u00f3lnopolski Kongres Prawa Procesowego\",\"url\":\"https:\/\/kongres.adexemplum.com\/\",\"logo\":{\"@type\":\"ImageObject\",\"inLanguage\":\"pl-PL\",\"@id\":\"https:\/\/kongres.adexemplum.com\/#\/schema\/logo\/image\/\",\"url\":\"https:\/\/kongres.adexemplum.com\/wp-content\/uploads\/2025\/08\/logo.png\",\"contentUrl\":\"https:\/\/kongres.adexemplum.com\/wp-content\/uploads\/2025\/08\/logo.png\",\"width\":449,\"height\":451,\"caption\":\"I Og\u00f3lnopolski Kongres Prawa Procesowego\"},\"image\":{\"@id\":\"https:\/\/kongres.adexemplum.com\/#\/schema\/logo\/image\/\"}}]}<\/script>\n<!-- \/ Yoast SEO plugin. -->","yoast_head_json":{"title":"Home - I Og\u00f3lnopolski Kongres Prawa Procesowego","robots":{"index":"index","follow":"follow","max-snippet":"max-snippet:-1","max-image-preview":"max-image-preview:large","max-video-preview":"max-video-preview:-1"},"canonical":"https:\/\/kongres.adexemplum.com\/","og_locale":"pl_PL","og_type":"article","og_title":"Home - I Og\u00f3lnopolski Kongres Prawa Procesowego","og_description":"Szko\u0142a Prawa ProcesowegoAd Exemplum I Og\u00f3lnopolski Kongres Prawa Procesowego 20-26.10.2025 KancelariaDoma\u0144ski Zakrzewski Palinka Panelistki i Paneli\u015bci Zg\u0142o\u015b temat Patron medialny Opis kongresu Szko\u0142a Prawa Procesowego Ad Exemplum wraz z kancelari\u0105 Doma\u0144ski Zakrzewski Palinka zapraszaj\u0105 naI Og\u00f3lnopolski Kongres Prawa Procesowego, kt\u00f3ry odb\u0119dzie si\u0119 20-26.X.2025 B\u0119dzie nam bardzo mi\u0142o go\u015bci\u0107 Pa\u0144stwa w toku naszych debat i dyskusji [&hellip;]","og_url":"https:\/\/kongres.adexemplum.com\/","og_site_name":"I Og\u00f3lnopolski Kongres Prawa Procesowego","article_modified_time":"2025-11-03T16:11:48+00:00","og_image":[{"width":449,"height":451,"url":"https:\/\/kongres.adexemplum.com\/wp-content\/uploads\/2025\/08\/logo.png","type":"image\/png"}],"twitter_card":"summary_large_image","twitter_misc":{"Szacowany czas czytania":"3 minuty"},"schema":{"@context":"https:\/\/schema.org","@graph":[{"@type":"WebPage","@id":"https:\/\/kongres.adexemplum.com\/","url":"https:\/\/kongres.adexemplum.com\/","name":"Home - I Og\u00f3lnopolski Kongres Prawa Procesowego","isPartOf":{"@id":"https:\/\/kongres.adexemplum.com\/#website"},"primaryImageOfPage":{"@id":"https:\/\/kongres.adexemplum.com\/#primaryimage"},"image":{"@id":"https:\/\/kongres.adexemplum.com\/#primaryimage"},"thumbnailUrl":"https:\/\/kongres.adexemplum.com\/wp-content\/uploads\/2025\/08\/logo.png","datePublished":"2025-08-22T13:05:24+00:00","dateModified":"2025-11-03T16:11:48+00:00","breadcrumb":{"@id":"https:\/\/kongres.adexemplum.com\/#breadcrumb"},"inLanguage":"pl-PL","potentialAction":[{"@type":"ReadAction","target":["https:\/\/kongres.adexemplum.com\/"]}]},{"@type":"ImageObject","inLanguage":"pl-PL","@id":"https:\/\/kongres.adexemplum.com\/#primaryimage","url":"https:\/\/kongres.adexemplum.com\/wp-content\/uploads\/2025\/08\/logo.png","contentUrl":"https:\/\/kongres.adexemplum.com\/wp-content\/uploads\/2025\/08\/logo.png","width":449,"height":451},{"@type":"BreadcrumbList","@id":"https:\/\/kongres.adexemplum.com\/#breadcrumb","itemListElement":[{"@type":"ListItem","position":1,"name":"Strona g\u0142\u00f3wna","item":"https:\/\/kongres.adexemplum.com\/"},{"@type":"ListItem","position":2,"name":"Home"}]},{"@type":"WebSite","@id":"https:\/\/kongres.adexemplum.com\/#website","url":"https:\/\/kongres.adexemplum.com\/","name":"I Og\u00f3lnopolski Kongres Prawa Procesowego","description":"","publisher":{"@id":"https:\/\/kongres.adexemplum.com\/#organization"},"potentialAction":[{"@type":"SearchAction","target":{"@type":"EntryPoint","urlTemplate":"https:\/\/kongres.adexemplum.com\/?s={search_term_string}"},"query-input":{"@type":"PropertyValueSpecification","valueRequired":true,"valueName":"search_term_string"}}],"inLanguage":"pl-PL"},{"@type":"Organization","@id":"https:\/\/kongres.adexemplum.com\/#organization","name":"I Og\u00f3lnopolski Kongres Prawa Procesowego","url":"https:\/\/kongres.adexemplum.com\/","logo":{"@type":"ImageObject","inLanguage":"pl-PL","@id":"https:\/\/kongres.adexemplum.com\/#\/schema\/logo\/image\/","url":"https:\/\/kongres.adexemplum.com\/wp-content\/uploads\/2025\/08\/logo.png","contentUrl":"https:\/\/kongres.adexemplum.com\/wp-content\/uploads\/2025\/08\/logo.png","width":449,"height":451,"caption":"I Og\u00f3lnopolski Kongres Prawa Procesowego"},"image":{"@id":"https:\/\/kongres.adexemplum.com\/#\/schema\/logo\/image\/"}}]}},"_links":{"self":[{"href":"https:\/\/kongres.adexemplum.com\/index.php\/wp-json\/wp\/v2\/pages\/12","targetHints":{"allow":["GET"]}}],"collection":[{"href":"https:\/\/kongres.adexemplum.com\/index.php\/wp-json\/wp\/v2\/pages"}],"about":[{"href":"https:\/\/kongres.adexemplum.com\/index.php\/wp-json\/wp\/v2\/types\/page"}],"author":[{"embeddable":true,"href":"https:\/\/kongres.adexemplum.com\/index.php\/wp-json\/wp\/v2\/users\/1"}],"replies":[{"embeddable":true,"href":"https:\/\/kongres.adexemplum.com\/index.php\/wp-json\/wp\/v2\/comments?post=12"}],"version-history":[{"count":21,"href":"https:\/\/kongres.adexemplum.com\/index.php\/wp-json\/wp\/v2\/pages\/12\/revisions"}],"predecessor-version":[{"id":949,"href":"https:\/\/kongres.adexemplum.com\/index.php\/wp-json\/wp\/v2\/pages\/12\/revisions\/949"}],"wp:featuredmedia":[{"embeddable":true,"href":"https:\/\/kongres.adexemplum.com\/index.php\/wp-json\/wp\/v2\/media\/10"}],"wp:attachment":[{"href":"https:\/\/kongres.adexemplum.com\/index.php\/wp-json\/wp\/v2\/media?parent=12"}],"curies":[{"name":"wp","href":"https:\/\/api.w.org\/{rel}","templated":true}]}}